{"id":10095,"date":"2024-06-23T18:34:18","date_gmt":"2024-06-23T18:34:18","guid":{"rendered":"https:\/\/www.tourinto.pt\/?post_type=product&#038;p=10095"},"modified":"2026-08-17T10:56:25","modified_gmt":"2026-08-17T10:56:25","slug":"azulera-reserva-2016","status":"publish","type":"product","link":"https:\/\/www.tourinto.pt\/en\/product\/azulera-reserva-2016\/","title":{"rendered":"Azulera Reserve 2016"},"content":{"rendered":"<div class=\"wpb-content-wrapper\" id=\"wpb-content-root\"><div data-vc-full-width=\"true\" data-vc-full-width-init=\"false\" class=\"vc_row wpb_row vc_row-fluid vc_custom_1656585076455 vc_row-has-fill\"><div class=\"wpb_column vc_column_container vc_col-sm-12\"><div class=\"vc_column-inner\"><div class=\"wpb_wrapper\"><div class=\"vc_tta-container\" data-vc-action=\"collapse\"><div class=\"vc_general vc_tta vc_tta-tabs vc_tta-color-custom vc_tta-style-flat vc_tta-shape-square vc_tta-spacing-1 vc_tta-gap-0 vc_tta-o-no-fill vc_tta-tabs-position-top vc_tta-controls-align-left\" style=\"--vc-tta-color: #2A2A2A; --vc-tta-color-contrast: #fff; --vc-tta-active-color: #2A2A2A; --vc-tta-active-color-contrast: #fff; --vc-tta-spacing: 1px; --vc-tta-gap: 0px;\"><div class=\"vc_tta-tabs-container\"><ul class=\"vc_tta-tabs-list\" role=\"tablist\"><li class=\"vc_tta-tab vc_active\" data-vc-tab role=\"presentation\"><h4 class=\"vc_tta-panel-title\"><a href=\"#1656584484701-0e478312-357c\" data-vc-tabs data-vc-container=\".vc_tta\" role=\"tab\" aria-selected=\"false\" id=\"tab-1656584484701-0e478312-357c\"><i class=\"vc_tta-icon vc-oi vc-oi-article\"><\/i><span class=\"vc_tta-title-text\">Description<\/span><\/a><\/h4><\/li><\/ul><\/div><div class=\"vc_tta-panels-container\"><div class=\"vc_tta-panels\"><div class=\"vc_tta-panel vc_active\" id=\"1656584484701-0e478312-357c\" data-vc-content=\".vc_tta-panel-body\"><div class=\"vc_tta-panel-heading\"><h4 class=\"vc_tta-panel-title\"><a href=\"#1656584484701-0e478312-357c\" data-vc-accordion data-vc-container=\".vc_tta-container\"><i class=\"vc_tta-icon vc-oi vc-oi-article\"><\/i><span class=\"vc_tta-title-text\">Description<\/span><\/a><\/h4><\/div><div class=\"vc_tta-panel-body\">\n\t<div class=\"wpb_text_column wpb_content_element\" >\n\t\t<div class=\"wpb_wrapper\">\n\t\t\t<p><strong>Azulera Reserve 2016<\/strong><\/p>\n<p><strong>Grape varieties: <\/strong>Touriga Nacional, Touriga Franca, Sous\u00e3o, Tinto C\u00e3o.<br \/>\n<strong>Aging: <\/strong>24 months in French oak barrels, 6 months in stainless steel vats and 27 months in bottle.<br \/>\n<strong>Colour: <\/strong>Deep centre with a bluish\/purple halo.<strong><br \/>\n<\/strong><strong>Aroma: <\/strong>On the nose it offers exuberant black fruits with hints of vanilla and spices.<br \/>\n<strong>Flavour: <\/strong>Dry, full-bodied, powerful black fruit and vibrant acidity. Well-behaved tannins, long and spicy finish.<\/p>\n<hr style=\"border: #b0976d 1px dotted;\" \/>\n<p><strong>Serve:<\/strong> 16 to 18\u2070<br \/>\n<strong>Consumption: <\/strong>Storage.<\/p>\n<hr style=\"border: #b0976d 1px dotted;\" \/>\n<p><strong>Harmonisation: <\/strong>Grilled meat, roast pork loin and game.<\/p>\n<hr style=\"border: #b0976d 1px dotted;\" \/>\n<p><strong>Producer: <\/strong><a href=\"https:\/\/www.tourinto.pt\/en\/produtores-portugal\/vinhos-do-douro\/raul-riba-dave\/\">Raul Riba D&#039;Ave<\/a><\/p>\n<p><strong>Enology: <\/strong>Ra\u00fal Riba D\u00b4Ave<\/p>\n<p><strong>Category:<\/strong> Portuguese Wines \u2013 <a href=\"https:\/\/www.tourinto.pt\/en\/portugal\/vinhos-do-douro\/\">Douro<\/a><\/p>\n<p><strong>Awards and Notes:<\/strong><\/p>\n<ul>\n<li><strong>Grande Escolha &#8211;<\/strong><\/li>\n<\/ul>\n<p><a href=\"https:\/\/www.raulribadave.pt\/\"><span style=\"color: #f1f1f1;\">Raul Riba D&#039;Ave<\/span><\/a><\/p>\n\n\t\t<\/div>\n\t<\/div>\n<\/div><\/div><\/div><\/div><\/div><\/div><\/div><\/div><\/div><\/div><div class=\"vc_row-full-width vc_clearfix\"><\/div><div data-vc-full-width=\"true\" data-vc-full-width-init=\"false\" data-vc-stretch-content=\"true\" class=\"vc_row wpb_row vc_row-fluid vc_row-no-padding\"><div class=\"wpb_column vc_column_container vc_col-sm-12\"><div class=\"vc_column-inner\"><div class=\"wpb_wrapper\">\n<div class=\"vc_grid-container-wrapper vc_clearfix vc_grid-animation-fadeIn\">\n\t<div class=\"vc_grid-container vc_clearfix wpb_content_element vc_media_grid\" style=\"--vc-grid-arrows-color:#5472D2;--vc-grid-paging-color:#EBEBEB;\" data-initial-loading-animation=\"fadeIn\" data-vc-grid-settings=\"{&quot;page_id&quot;:10095,&quot;style&quot;:&quot;all&quot;,&quot;action&quot;:&quot;vc_get_vc_grid_data&quot;,&quot;shortcode_id&quot;:&quot;1786964161505-dbd3dea4-fc72-10&quot;,&quot;tag&quot;:&quot;vc_media_grid&quot;}\" data-vc-request=\"https:\/\/www.tourinto.pt\/wp-admin\/admin-ajax.php\" data-vc-post-id=\"10095\" data-vc-public-nonce=\"4532cc378d\">\n\t\t\n\t<\/div>\n<\/div><\/div><\/div><\/div><\/div><div class=\"vc_row-full-width vc_clearfix\"><\/div>\n<\/div>","protected":false},"excerpt":{"rendered":"<p>Azulera Reserve 2016 is the first edition of Raul Riba D'Ave's third wine in the Douro, from Muxagata. It has exuberant aromas of black fruits, with notes of vanilla and spices, as well as being full-bodied, powerful and vibrant in acidity.<\/p>\n<p>Find out more about <a href=\"https:\/\/www.tourinto.pt\/en\/produtores-portugal\/vinhos-do-douro\/raul-riba-dave\/\">Raul Riba D&#8217;Ave<\/a>.<\/p>","protected":false},"featured_media":14130,"comment_status":"closed","ping_status":"closed","template":"","meta":{"_acf_changed":false,"_joinchat":[]},"product_brand":[],"product_cat":[1307,1052,17,82,424,392,100,81,44,171],"product_tag":[63,62,59,47],"class_list":["post-10095","product","type-product","status-publish","has-post-thumbnail","product_cat-ready-to-drink-tintos","product_cat-blend-tintos","product_cat-vinho-tinto","product_cat-douro","product_cat-vinhos-portugal","product_cat-pequenos-produtores","product_cat-tipologia","product_cat-regiao","product_cat-produtores","product_cat-raul-riba-dave","product_tag-tinta-roriz","product_tag-touriga-franca","product_tag-douro","product_tag-touriga-nacional","pa_ano-28","pa_castas-tinto-cao","pa_castas-touriga-franca","pa_castas-touriga-nacional","pa_castas-sousao","pa_categoria-vinhos-portugueses","pa_enologia-raul-riba-dave","pa_harmonizacao-carnes-grelhadas","pa_harmonizacao-caca","pa_harmonizacao-lombo-de-porco","pa_leveduras-selecionadas","pa_produtor-raul-riba-dave","pa_regiao-douro","pa_tipologia-vinho-tinto","pa_vinificacao-tradicional","pa_viticultura-sustentavel","pa_volume-750ml","first","instock","taxable","shipping-taxable","purchasable","product-type-simple"],"acf":[],"yoast_head":"<!-- This site is optimized with the Yoast SEO Premium plugin v28.4 (Yoast SEO v28.4) - https:\/\/yoast.com\/product\/yoast-seo-premium-wordpress\/ -->\n<title>Azulera Reserva 2016 - Tourinto Premium Wines<\/title>\n<meta name=\"description\" content=\"Azulera Reserva 2016 \u00e9 a primeira edi\u00e7\u00e3o do terceiro vinho de Raul Riba D&#039;Ave no Douro, com aromas de frutos pretos, com notas de baunilha e especiarias.\" \/>\n<meta name=\"robots\" content=\"index, follow, max-snippet:-1, max-image-preview:large, max-video-preview:-1\" \/>\n<link rel=\"canonical\" href=\"https:\/\/www.tourinto.pt\/en\/product\/azulera-reserva-2016\/\" \/>\n<meta property=\"og:locale\" content=\"en_GB\" \/>\n<meta property=\"og:type\" content=\"article\" \/>\n<meta property=\"og:title\" content=\"Azulera Reserva 2016\" \/>\n<meta property=\"og:description\" content=\"Azulera Reserva 2016 \u00e9 a primeira edi\u00e7\u00e3o do terceiro vinho de Raul Riba D&#039;Ave no Douro, com aromas de frutos pretos, com notas de baunilha e especiarias.\" \/>\n<meta property=\"og:url\" content=\"https:\/\/www.tourinto.pt\/en\/product\/azulera-reserva-2016\/\" \/>\n<meta property=\"og:site_name\" content=\"Tourinto Premium Wines\" \/>\n<meta property=\"article:publisher\" content=\"https:\/\/www.facebook.com\/garrafeiratourinto\" \/>\n<meta property=\"article:modified_time\" content=\"2026-08-17T10:56:25+00:00\" \/>\n<meta property=\"og:image\" content=\"https:\/\/www.tourinto.pt\/wp-content\/uploads\/2024\/06\/Azulera-Reserva.webp\" \/>\n\t<meta property=\"og:image:width\" content=\"881\" \/>\n\t<meta property=\"og:image:height\" content=\"1400\" \/>\n\t<meta property=\"og:image:type\" content=\"image\/webp\" \/>\n<meta name=\"twitter:card\" content=\"summary_large_image\" \/>\n<meta name=\"twitter:label1\" content=\"Price\" \/>\n\t<meta name=\"twitter:data1\" content=\"45,00&nbsp;&euro;\" \/>\n\t<meta name=\"twitter:label2\" content=\"Availability\" \/>\n\t<meta name=\"twitter:data2\" content=\"In stock\" \/>\n<script type=\"application\/ld+json\" class=\"yoast-schema-graph\">{\"@context\":\"https:\\\/\\\/schema.org\",\"@graph\":[{\"@type\":\"WebPage\",\"@id\":\"https:\\\/\\\/www.tourinto.pt\\\/product\\\/azulera-reserva-2016\\\/\",\"url\":\"https:\\\/\\\/www.tourinto.pt\\\/product\\\/azulera-reserva-2016\\\/\",\"name\":\"Azulera Reserva 2016 - Tourinto Premium Wines\",\"isPartOf\":{\"@id\":\"https:\\\/\\\/www.tourinto.pt\\\/#website\"},\"primaryImageOfPage\":{\"@id\":\"https:\\\/\\\/www.tourinto.pt\\\/product\\\/azulera-reserva-2016\\\/#primaryimage\"},\"image\":{\"@id\":\"https:\\\/\\\/www.tourinto.pt\\\/product\\\/azulera-reserva-2016\\\/#primaryimage\"},\"thumbnailUrl\":\"https:\\\/\\\/www.tourinto.pt\\\/wp-content\\\/uploads\\\/2024\\\/06\\\/Azulera-Reserva.webp\",\"datePublished\":\"2024-06-23T18:34:18+00:00\",\"dateModified\":\"2026-08-17T10:56:25+00:00\",\"description\":\"Azulera Reserva 2016 \u00e9 a primeira edi\u00e7\u00e3o do terceiro vinho de Raul Riba D'Ave no Douro, com aromas de frutos pretos, com notas de baunilha e especiarias.\",\"breadcrumb\":{\"@id\":\"https:\\\/\\\/www.tourinto.pt\\\/product\\\/azulera-reserva-2016\\\/#breadcrumb\"},\"inLanguage\":\"en-GB\",\"potentialAction\":[{\"@type\":\"ReadAction\",\"target\":[\"https:\\\/\\\/www.tourinto.pt\\\/product\\\/azulera-reserva-2016\\\/\"]}]},{\"@type\":\"ImageObject\",\"inLanguage\":\"en-GB\",\"@id\":\"https:\\\/\\\/www.tourinto.pt\\\/product\\\/azulera-reserva-2016\\\/#primaryimage\",\"url\":\"https:\\\/\\\/www.tourinto.pt\\\/wp-content\\\/uploads\\\/2024\\\/06\\\/Azulera-Reserva.webp\",\"contentUrl\":\"https:\\\/\\\/www.tourinto.pt\\\/wp-content\\\/uploads\\\/2024\\\/06\\\/Azulera-Reserva.webp\",\"width\":881,\"height\":1400,\"caption\":\"Azulera Red Wine, Raul Riba D\u00b4Ave Vinhos, Vinhas Improv\u00e1veis Azulera\"},{\"@type\":\"BreadcrumbList\",\"@id\":\"https:\\\/\\\/www.tourinto.pt\\\/product\\\/azulera-reserva-2016\\\/#breadcrumb\",\"itemListElement\":[{\"@type\":\"ListItem\",\"position\":1,\"name\":\"In\u00edcio\",\"item\":\"https:\\\/\\\/www.tourinto.pt\\\/\"},{\"@type\":\"ListItem\",\"position\":2,\"name\":\"Garrafeira on-line\",\"item\":\"https:\\\/\\\/www.tourinto.pt\\\/garrafeira-on-line\\\/\"},{\"@type\":\"ListItem\",\"position\":3,\"name\":\"Azulera Reserva 2016\"}]},{\"@type\":\"WebSite\",\"@id\":\"https:\\\/\\\/www.tourinto.pt\\\/#website\",\"url\":\"https:\\\/\\\/www.tourinto.pt\\\/\",\"name\":\"Tourinto Premium Wines\",\"description\":\"Garrafeira on-line\",\"publisher\":{\"@id\":\"https:\\\/\\\/www.tourinto.pt\\\/#organization\"},\"alternateName\":\"Garrafeira on-line\",\"potentialAction\":[{\"@type\":\"SearchAction\",\"target\":{\"@type\":\"EntryPoint\",\"urlTemplate\":\"https:\\\/\\\/www.tourinto.pt\\\/?s={search_term_string}\"},\"query-input\":{\"@type\":\"PropertyValueSpecification\",\"valueRequired\":true,\"valueName\":\"search_term_string\"}}],\"inLanguage\":\"en-GB\"},{\"@type\":[\"Organization\",\"Place\"],\"@id\":\"https:\\\/\\\/www.tourinto.pt\\\/#organization\",\"name\":\"Tourinto\",\"alternateName\":\"Garrafeira Tourinto, Lda.\",\"url\":\"https:\\\/\\\/www.tourinto.pt\\\/\",\"logo\":{\"@id\":\"https:\\\/\\\/www.tourinto.pt\\\/product\\\/azulera-reserva-2016\\\/#local-main-organization-logo\"},\"image\":{\"@id\":\"https:\\\/\\\/www.tourinto.pt\\\/product\\\/azulera-reserva-2016\\\/#local-main-organization-logo\"},\"sameAs\":[\"https:\\\/\\\/www.facebook.com\\\/garrafeiratourinto\",\"https:\\\/\\\/www.instagram.com\\\/garrafeiratourinto\\\/\"],\"telephone\":[],\"openingHoursSpecification\":[{\"@type\":\"OpeningHoursSpecification\",\"dayOfWeek\":[\"Monday\",\"Tuesday\",\"Wednesday\",\"Thursday\",\"Friday\",\"Saturday\",\"Sunday\"],\"opens\":\"09:00\",\"closes\":\"17:00\"}]},{\"@type\":\"ImageObject\",\"inLanguage\":\"en-GB\",\"@id\":\"https:\\\/\\\/www.tourinto.pt\\\/product\\\/azulera-reserva-2016\\\/#local-main-organization-logo\",\"url\":\"https:\\\/\\\/www.tourinto.pt\\\/wp-content\\\/uploads\\\/2022\\\/07\\\/tourinto-logo-big.png\",\"contentUrl\":\"https:\\\/\\\/www.tourinto.pt\\\/wp-content\\\/uploads\\\/2022\\\/07\\\/tourinto-logo-big.png\",\"width\":1400,\"height\":505,\"caption\":\"Tourinto\"}]}<\/script>\n<meta property=\"product:price:amount\" content=\"45.00\" \/>\n<meta property=\"product:price:currency\" content=\"EUR\" \/>\n<meta property=\"og:availability\" content=\"instock\" \/>\n<meta property=\"product:availability\" content=\"instock\" \/>\n<meta property=\"product:retailer_item_id\" content=\"23.02.2016\" \/>\n<meta property=\"product:condition\" content=\"new\" \/>\n<!-- \/ Yoast SEO Premium plugin. -->","yoast_head_json":{"title":"Azulera Reserva 2016 - Tourinto Premium Wines","description":"Azulera Reserva 2016 \u00e9 a primeira edi\u00e7\u00e3o do terceiro vinho de Raul Riba D'Ave no Douro, com aromas de frutos pretos, com notas de baunilha e especiarias.","robots":{"index":"index","follow":"follow","max-snippet":"max-snippet:-1","max-image-preview":"max-image-preview:large","max-video-preview":"max-video-preview:-1"},"canonical":"https:\/\/www.tourinto.pt\/en\/product\/azulera-reserva-2016\/","og_locale":"en_GB","og_type":"article","og_title":"Azulera Reserva 2016","og_description":"Azulera Reserva 2016 \u00e9 a primeira edi\u00e7\u00e3o do terceiro vinho de Raul Riba D'Ave no Douro, com aromas de frutos pretos, com notas de baunilha e especiarias.","og_url":"https:\/\/www.tourinto.pt\/en\/product\/azulera-reserva-2016\/","og_site_name":"Tourinto Premium Wines","article_publisher":"https:\/\/www.facebook.com\/garrafeiratourinto","article_modified_time":"2026-08-17T10:56:25+00:00","og_image":[{"width":881,"height":1400,"url":"https:\/\/www.tourinto.pt\/wp-content\/uploads\/2024\/06\/Azulera-Reserva.webp","type":"image\/webp"}],"twitter_card":"summary_large_image","twitter_misc":{"Price":"45,00&nbsp;&euro;","Availability":"In stock"},"schema":{"@context":"https:\/\/schema.org","@graph":[{"@type":"WebPage","@id":"https:\/\/www.tourinto.pt\/product\/azulera-reserva-2016\/","url":"https:\/\/www.tourinto.pt\/product\/azulera-reserva-2016\/","name":"Azulera Reserva 2016 - Tourinto Premium Wines","isPartOf":{"@id":"https:\/\/www.tourinto.pt\/#website"},"primaryImageOfPage":{"@id":"https:\/\/www.tourinto.pt\/product\/azulera-reserva-2016\/#primaryimage"},"image":{"@id":"https:\/\/www.tourinto.pt\/product\/azulera-reserva-2016\/#primaryimage"},"thumbnailUrl":"https:\/\/www.tourinto.pt\/wp-content\/uploads\/2024\/06\/Azulera-Reserva.webp","datePublished":"2024-06-23T18:34:18+00:00","dateModified":"2026-08-17T10:56:25+00:00","description":"Azulera Reserva 2016 \u00e9 a primeira edi\u00e7\u00e3o do terceiro vinho de Raul Riba D'Ave no Douro, com aromas de frutos pretos, com notas de baunilha e especiarias.","breadcrumb":{"@id":"https:\/\/www.tourinto.pt\/product\/azulera-reserva-2016\/#breadcrumb"},"inLanguage":"en-GB","potentialAction":[{"@type":"ReadAction","target":["https:\/\/www.tourinto.pt\/product\/azulera-reserva-2016\/"]}]},{"@type":"ImageObject","inLanguage":"en-GB","@id":"https:\/\/www.tourinto.pt\/product\/azulera-reserva-2016\/#primaryimage","url":"https:\/\/www.tourinto.pt\/wp-content\/uploads\/2024\/06\/Azulera-Reserva.webp","contentUrl":"https:\/\/www.tourinto.pt\/wp-content\/uploads\/2024\/06\/Azulera-Reserva.webp","width":881,"height":1400,"caption":"Azulera Red Wine, Raul Riba D\u00b4Ave Vinhos, Vinhas Improv\u00e1veis Azulera"},{"@type":"BreadcrumbList","@id":"https:\/\/www.tourinto.pt\/product\/azulera-reserva-2016\/#breadcrumb","itemListElement":[{"@type":"ListItem","position":1,"name":"In\u00edcio","item":"https:\/\/www.tourinto.pt\/"},{"@type":"ListItem","position":2,"name":"Garrafeira on-line","item":"https:\/\/www.tourinto.pt\/garrafeira-on-line\/"},{"@type":"ListItem","position":3,"name":"Azulera Reserva 2016"}]},{"@type":"WebSite","@id":"https:\/\/www.tourinto.pt\/#website","url":"https:\/\/www.tourinto.pt\/","name":"Tourinto Premium Wines","description":"Wine Shop online","publisher":{"@id":"https:\/\/www.tourinto.pt\/#organization"},"alternateName":"Garrafeira on-line","potentialAction":[{"@type":"SearchAction","target":{"@type":"EntryPoint","urlTemplate":"https:\/\/www.tourinto.pt\/?s={search_term_string}"},"query-input":{"@type":"PropertyValueSpecification","valueRequired":true,"valueName":"search_term_string"}}],"inLanguage":"en-GB"},{"@type":["Organization","Place"],"@id":"https:\/\/www.tourinto.pt\/#organization","name":"Tourinto","alternateName":"Garrafeira Tourinto, Lda.","url":"https:\/\/www.tourinto.pt\/","logo":{"@id":"https:\/\/www.tourinto.pt\/product\/azulera-reserva-2016\/#local-main-organization-logo"},"image":{"@id":"https:\/\/www.tourinto.pt\/product\/azulera-reserva-2016\/#local-main-organization-logo"},"sameAs":["https:\/\/www.facebook.com\/garrafeiratourinto","https:\/\/www.instagram.com\/garrafeiratourinto\/"],"telephone":[],"openingHoursSpecification":[{"@type":"OpeningHoursSpecification","dayOfWeek":["Monday","Tuesday","Wednesday","Thursday","Friday","Saturday","Sunday"],"opens":"09:00","closes":"17:00"}]},{"@type":"ImageObject","inLanguage":"en-GB","@id":"https:\/\/www.tourinto.pt\/product\/azulera-reserva-2016\/#local-main-organization-logo","url":"https:\/\/www.tourinto.pt\/wp-content\/uploads\/2022\/07\/tourinto-logo-big.png","contentUrl":"https:\/\/www.tourinto.pt\/wp-content\/uploads\/2022\/07\/tourinto-logo-big.png","width":1400,"height":505,"caption":"Tourinto"}]},"product_price_amount":"45.00","product_price_currency":"EUR","og_availability":"instock","product_availability":"instock","product_retailer_item_id":"23.02.2016","product_condition":"new"},"_links":{"self":[{"href":"https:\/\/www.tourinto.pt\/en\/wp-json\/wp\/v2\/product\/10095","targetHints":{"allow":["GET"]}}],"collection":[{"href":"https:\/\/www.tourinto.pt\/en\/wp-json\/wp\/v2\/product"}],"about":[{"href":"https:\/\/www.tourinto.pt\/en\/wp-json\/wp\/v2\/types\/product"}],"replies":[{"embeddable":true,"href":"https:\/\/www.tourinto.pt\/en\/wp-json\/wp\/v2\/comments?post=10095"}],"wp:featuredmedia":[{"embeddable":true,"href":"https:\/\/www.tourinto.pt\/en\/wp-json\/wp\/v2\/media\/14130"}],"wp:attachment":[{"href":"https:\/\/www.tourinto.pt\/en\/wp-json\/wp\/v2\/media?parent=10095"}],"wp:term":[{"taxonomy":"product_brand","embeddable":true,"href":"https:\/\/www.tourinto.pt\/en\/wp-json\/wp\/v2\/product_brand?post=10095"},{"taxonomy":"product_cat","embeddable":true,"href":"https:\/\/www.tourinto.pt\/en\/wp-json\/wp\/v2\/product_cat?post=10095"},{"taxonomy":"product_tag","embeddable":true,"href":"https:\/\/www.tourinto.pt\/en\/wp-json\/wp\/v2\/product_tag?post=10095"}],"curies":[{"name":"wp","href":"https:\/\/api.w.org\/{rel}","templated":true}]}}