{"id":3334,"date":"2022-11-16T15:22:30","date_gmt":"2022-11-16T15:22:30","guid":{"rendered":"https:\/\/www.tourinto.pt\/?page_id=3334"},"modified":"2024-06-19T09:26:53","modified_gmt":"2024-06-19T09:26:53","slug":"tras-os-montes","status":"publish","type":"page","link":"https:\/\/www.tourinto.pt\/en\/produtores\/tras-os-montes\/","title":{"rendered":"Tr\u00e1s-os-Montes"},"content":{"rendered":"<div class=\"wpb-content-wrapper\"><div data-vc-full-width=\"true\" data-vc-full-width-init=\"false\" class=\"vc_row wpb_row vc_row-fluid gg-force-background-bottom vc_custom_1679508109377 vc_row-has-fill\"><div class=\"wpb_column vc_column_container vc_col-sm-12 vc_col-lg-offset-2 vc_col-lg-8 vc_col-md-offset-2 vc_col-md-8 vc_col-has-fill\"><div class=\"vc_column-inner  vc_custom_1679507772075\"><div class=\"wpb_wrapper\">\n\t<div class=\"wpb_text_column wpb_content_element\" >\n\t\t<div class=\"wpb_wrapper\">\n\t\t\t<p>Tr\u00e1s-os-Montes wine region is located in the north-eastern corner of Portugal, between plateaus and mountains, where the landscape changes rapidly along its length.<\/p>\n<p>The region is divided into three sub-regions: Chaves, Valpa\u00e7os and Planalto Mirand\u00eas.<\/p>\n<p class=\"translation-block\">From architecture to <a href=\"https:\/\/arte-coa.pt\/\" target=\"_self\">rupestrian engravings<\/a>, from the conservation of the <a href=\"http:\/\/grupolobo.pt\/lobo-iberico\/distribuicao\" target=\"_self\">Iberian wolf<\/a> to birdwatching, from almond landscapes to fruit trees, the characteristic old vines of Tr\u00e1s-os-Montes originate wines known for their originality and diversity.<\/p>\n<p>The white wines are characterised by fruity aromas with light floral notes, and the red wines are intense, structured, fruity and of great balance.<\/p>\n\n\t\t<\/div>\n\t<\/div>\n\n\t<div class=\"wpb_text_column wpb_content_element\" >\n\t\t<div class=\"wpb_wrapper\">\n\t\t\t<h2>Main Red Grape Varieties<\/h2>\n<p>Bastardo, Tinta Amarela, Tinta Gorda, Tinta Roriz, Touriga Franca e Touriga Nacional<\/p>\n<h2>Principais Castas Nobres Branco<\/h2>\n<p>C\u00f4dega de Larinho, Fern\u00e3o Pires, Gouveio, Malvasia Fina,\u00a0 Viosinho, Rabigato e S\u00edria<\/p>\n\n\t\t<\/div>\n\t<\/div>\n<\/div><\/div><\/div><\/div><div class=\"vc_row-full-width vc_clearfix\"><\/div><div class=\"vc_row wpb_row vc_row-fluid vc_custom_1678207595230\"><div class=\"wpb_column vc_column_container vc_col-sm-12\"><div class=\"vc_column-inner\"><div class=\"wpb_wrapper\">\n\t<div class=\"title-subtitle-box  vc_custom_1679509239664\" style=\" margin-bottom:90px; text-align: center;\">\n\t\t<p  style=\"\">Tr\u00e1s-os-Montes<\/p>\n\t\t<h1 style=\" font-style: normal;\">Our Choices<\/h1>\n\t<\/div> <div class=\"woocommerce columns-3\"><div class=\"row\">\r\n<ul class=\"products\">\r\n<li class=\"col-xs-12 col-sm-6 col-md-4 product type-product post-5789 status-publish first instock product_cat-vinhas-velhas product_cat-vinho-branco product_cat-vinhos-portugal product_cat-tipologia product_cat-regiao product_cat-produtores product_cat-tras-os-montes product_cat-parapente-pine-nuts-vines-wines product_tag-vinho-branco product_tag-minima-intervencao product_tag-tras-os-montes product_tag-vinhas-velhas has-post-thumbnail taxable shipping-taxable purchasable product-type-simple\">\r\n\r\n\t<a href=\"https:\/\/www.tourinto.pt\/en\/product\/parapente-tras-os-montes-branco\/\" class=\"woocommerce-LoopProduct-link woocommerce-loop-product__link\"><h2 class=\"woocommerce-loop-product__title\">Parapente Tr\u00e1s-os-Montes White<\/h2><div class=\"gg-product-image-wrapper\"><img loading=\"lazy\" decoding=\"async\" width=\"881\" height=\"1400\" src=\"https:\/\/i0.wp.com\/www.tourinto.pt\/wp-content\/uploads\/2023\/05\/Tourinto-branco-Parapente.webp?resize=881%2C1400&amp;ssl=1\" class=\"attachment-woocommerce_thumbnail size-woocommerce_thumbnail\" alt=\"Parapente Branco, Parapente Vinho Branco, Vinhos Parapente\" srcset=\"https:\/\/i0.wp.com\/www.tourinto.pt\/wp-content\/uploads\/2023\/05\/Tourinto-branco-Parapente.webp?w=881&amp;ssl=1 881w, https:\/\/i0.wp.com\/www.tourinto.pt\/wp-content\/uploads\/2023\/05\/Tourinto-branco-Parapente.webp?resize=189%2C300&amp;ssl=1 189w, https:\/\/i0.wp.com\/www.tourinto.pt\/wp-content\/uploads\/2023\/05\/Tourinto-branco-Parapente.webp?resize=644%2C1024&amp;ssl=1 644w, https:\/\/i0.wp.com\/www.tourinto.pt\/wp-content\/uploads\/2023\/05\/Tourinto-branco-Parapente.webp?resize=768%2C1220&amp;ssl=1 768w, https:\/\/i0.wp.com\/www.tourinto.pt\/wp-content\/uploads\/2023\/05\/Tourinto-branco-Parapente.webp?resize=8%2C12&amp;ssl=1 8w\" sizes=\"auto, (max-width: 881px) 100vw, 881px\" \/><\/div><\/a><div class=\"gg-product-meta-wrapper\">\r\n\r\n<dl>\r\n        <dt>\r\n        Year    <\/dt>\r\n    <dd>\r\n        <span class=\"year\">2021<\/span>\r\n    <\/dd>\r\n    \r\n            <dt>\r\n        Price    <\/dt>\r\n    <dd>\r\n        <span class=\"price\"><span class=\"woocommerce-Price-amount amount\"><bdi>28,12&nbsp;<span class=\"woocommerce-Price-currencySymbol\">\u20ac<\/span><\/bdi><\/span><\/span>\r\n    <\/dd>\r\n        <\/dl>\r\n<a href=\"\/en\/wp-json\/wp\/v2\/pages\/3334?add-to-cart=5789\" aria-describedby=\"woocommerce_loop_add_to_cart_link_describedby_5789\" data-quantity=\"1\" class=\"button product_type_simple add_to_cart_button ajax_add_to_cart\" data-product_id=\"5789\" data-product_sku=\"37.02.2021\" aria-label=\"Add to basket: \u201cParapente Tr\u00e1s-os-Montes Branco\u201d\" rel=\"nofollow\" data-success_message=\"\u201cParapente Tr\u00e1s-os-Montes Branco\u201d has been added to your basket\" title=\"Minimum qty is 1\" role=\"button\" data-no-translation=\"\" data-trp-gettext=\"\" data-no-translation-aria-label=\"\" data-no-translation-data-success_message=\"\">Add to basket<\/a>\t<span id=\"woocommerce_loop_add_to_cart_link_describedby_5789\" class=\"screen-reader-text\">\n\t\t\t<\/span>\n<\/div>\r\n<\/li>\r\n\r\n<li class=\"col-xs-12 col-sm-6 col-md-4 product type-product post-11204 status-publish instock product_cat-produtores-pequenos product_cat-vinhas-velhas product_cat-ready-to-drink-tintos product_cat-vinho-tinto product_cat-vinhos-portugal product_cat-tipologia product_cat-regiao product_cat-produtores product_cat-tras-os-montes product_cat-parapente-pine-nuts-vines-wines product_tag-tras-os-montes product_tag-vinhas-velhas has-post-thumbnail taxable shipping-taxable purchasable product-type-simple\">\r\n\r\n\t<a href=\"https:\/\/www.tourinto.pt\/en\/product\/parapente-tras-os-montes-tinto\/\" class=\"woocommerce-LoopProduct-link woocommerce-loop-product__link\"><h2 class=\"woocommerce-loop-product__title\">Parapente Tr\u00e1s-os-Montes Red<\/h2><div class=\"gg-product-image-wrapper\"><img loading=\"lazy\" decoding=\"async\" width=\"881\" height=\"1400\" src=\"https:\/\/i0.wp.com\/www.tourinto.pt\/wp-content\/uploads\/2023\/05\/Parapente-Tinto.webp?resize=881%2C1400&amp;ssl=1\" class=\"attachment-woocommerce_thumbnail size-woocommerce_thumbnail\" alt=\"Parapente Tinto, Parapente Vinho Tinto, Vinho Parapente, Parapente Vinhas Velhas\" srcset=\"https:\/\/i0.wp.com\/www.tourinto.pt\/wp-content\/uploads\/2023\/05\/Parapente-Tinto.webp?w=881&amp;ssl=1 881w, https:\/\/i0.wp.com\/www.tourinto.pt\/wp-content\/uploads\/2023\/05\/Parapente-Tinto.webp?resize=189%2C300&amp;ssl=1 189w, https:\/\/i0.wp.com\/www.tourinto.pt\/wp-content\/uploads\/2023\/05\/Parapente-Tinto.webp?resize=644%2C1024&amp;ssl=1 644w, https:\/\/i0.wp.com\/www.tourinto.pt\/wp-content\/uploads\/2023\/05\/Parapente-Tinto.webp?resize=768%2C1220&amp;ssl=1 768w, https:\/\/i0.wp.com\/www.tourinto.pt\/wp-content\/uploads\/2023\/05\/Parapente-Tinto.webp?resize=8%2C12&amp;ssl=1 8w\" sizes=\"auto, (max-width: 881px) 100vw, 881px\" \/><\/div><\/a><div class=\"gg-product-meta-wrapper\">\r\n\r\n<dl>\r\n        <dt>\r\n        Year    <\/dt>\r\n    <dd>\r\n        <span class=\"year\">2021<\/span>\r\n    <\/dd>\r\n    \r\n            <dt>\r\n        Price    <\/dt>\r\n    <dd>\r\n        <span class=\"price\"><span class=\"woocommerce-Price-amount amount\"><bdi>35,90&nbsp;<span class=\"woocommerce-Price-currencySymbol\">\u20ac<\/span><\/bdi><\/span><\/span>\r\n    <\/dd>\r\n        <\/dl>\r\n<a href=\"\/en\/wp-json\/wp\/v2\/pages\/3334?add-to-cart=11204\" aria-describedby=\"woocommerce_loop_add_to_cart_link_describedby_11204\" data-quantity=\"1\" class=\"button product_type_simple add_to_cart_button ajax_add_to_cart\" data-product_id=\"11204\" data-product_sku=\"37.05.2021\" aria-label=\"Add to basket: \u201cParapente Tr\u00e1s-os-Montes Tinto\u201d\" rel=\"nofollow\" data-success_message=\"\u201cParapente Tr\u00e1s-os-Montes Tinto\u201d has been added to your basket\" title=\"Minimum qty is 1\" role=\"button\" data-no-translation=\"\" data-trp-gettext=\"\" data-no-translation-aria-label=\"\" data-no-translation-data-success_message=\"\">Add to basket<\/a>\t<span id=\"woocommerce_loop_add_to_cart_link_describedby_11204\" class=\"screen-reader-text\">\n\t\t\t<\/span>\n<\/div>\r\n<\/li>\r\n\r\n<li class=\"col-xs-12 col-sm-6 col-md-4 product type-product post-8351 status-publish last instock product_cat-vinhas-velhas product_cat-grandes-formatos product_cat-vinhos-portugal product_cat-tipologia product_cat-regiao product_cat-produtores product_cat-tras-os-montes product_cat-parapente-pine-nuts-vines-wines product_tag-magnum product_tag-vinho-branco product_tag-minima-intervencao product_tag-tras-os-montes product_tag-vinhas-velhas has-post-thumbnail taxable shipping-taxable purchasable product-type-simple\">\r\n\r\n\t<a href=\"https:\/\/www.tourinto.pt\/en\/product\/parapente-tras-os-montes-branco-magnum\/\" class=\"woocommerce-LoopProduct-link woocommerce-loop-product__link\"><h2 class=\"woocommerce-loop-product__title\">Parapente Tr\u00e1s-os-Montes White Magnum<\/h2><div class=\"gg-product-image-wrapper\"><img loading=\"lazy\" decoding=\"async\" width=\"881\" height=\"1400\" src=\"https:\/\/i0.wp.com\/www.tourinto.pt\/wp-content\/uploads\/2023\/05\/Tourinto-branco-Parapente.webp?resize=881%2C1400&amp;ssl=1\" class=\"attachment-woocommerce_thumbnail size-woocommerce_thumbnail\" alt=\"Parapente Branco, Parapente Vinho Branco, Vinhos Parapente\" srcset=\"https:\/\/i0.wp.com\/www.tourinto.pt\/wp-content\/uploads\/2023\/05\/Tourinto-branco-Parapente.webp?w=881&amp;ssl=1 881w, https:\/\/i0.wp.com\/www.tourinto.pt\/wp-content\/uploads\/2023\/05\/Tourinto-branco-Parapente.webp?resize=189%2C300&amp;ssl=1 189w, https:\/\/i0.wp.com\/www.tourinto.pt\/wp-content\/uploads\/2023\/05\/Tourinto-branco-Parapente.webp?resize=644%2C1024&amp;ssl=1 644w, https:\/\/i0.wp.com\/www.tourinto.pt\/wp-content\/uploads\/2023\/05\/Tourinto-branco-Parapente.webp?resize=768%2C1220&amp;ssl=1 768w, https:\/\/i0.wp.com\/www.tourinto.pt\/wp-content\/uploads\/2023\/05\/Tourinto-branco-Parapente.webp?resize=8%2C12&amp;ssl=1 8w\" sizes=\"auto, (max-width: 881px) 100vw, 881px\" \/><\/div><\/a><div class=\"gg-product-meta-wrapper\">\r\n\r\n<dl>\r\n        <dt>\r\n        Year    <\/dt>\r\n    <dd>\r\n        <span class=\"year\">2021<\/span>\r\n    <\/dd>\r\n    \r\n            <dt>\r\n        Price    <\/dt>\r\n    <dd>\r\n        <span class=\"price\"><span class=\"woocommerce-Price-amount amount\"><bdi>72,00&nbsp;<span class=\"woocommerce-Price-currencySymbol\">\u20ac<\/span><\/bdi><\/span><\/span>\r\n    <\/dd>\r\n        <\/dl>\r\n<a href=\"\/en\/wp-json\/wp\/v2\/pages\/3334?add-to-cart=8351\" aria-describedby=\"woocommerce_loop_add_to_cart_link_describedby_8351\" data-quantity=\"1\" class=\"button product_type_simple add_to_cart_button ajax_add_to_cart\" data-product_id=\"8351\" data-product_sku=\"37.04.2021\" aria-label=\"Add to basket: \u201cParapente Tr\u00e1s-os-Montes Branco Magnum\u201d\" rel=\"nofollow\" data-success_message=\"\u201cParapente Tr\u00e1s-os-Montes Branco Magnum\u201d has been added to your basket\" title=\"Minimum qty is 1\" role=\"button\" data-no-translation=\"\" data-trp-gettext=\"\" data-no-translation-aria-label=\"\" data-no-translation-data-success_message=\"\">Add to basket<\/a>\t<span id=\"woocommerce_loop_add_to_cart_link_describedby_8351\" class=\"screen-reader-text\">\n\t\t\t<\/span>\n<\/div>\r\n<\/li>\r\n<\/ul>\r\n<\/div><\/div><\/div><\/div><\/div><\/div>\n<\/div>","protected":false},"excerpt":{"rendered":"Regi\u00e3o Vitivin\u00edcola de Tr\u00e1s-os-Montes localiza-se no canto nordeste de Portugal, entre planaltos e montanhas, onde a paisagem se modifica rapidamente ao longo da sua extens\u00e3o. A regi\u00e3o encontra-se dividida em tr\u00eas sub-regi\u00f5es: Chaves, Valpa\u00e7os e Planalto Mirand\u00eas. Da arquitetura \u00e0s gravuras rupestres, da conserva\u00e7\u00e3o do lobo ib\u00e9rico\u00a0\u00e0 observa\u00e7\u00e3o das aves, das paisagens de amendoeiras \u00e0s<br class=\"read-more-spacer\"> <a class=\"more-link\" href=\"https:\/\/www.tourinto.pt\/en\/produtores\/tras-os-montes\/\">Read More<\/a>","protected":false},"author":2,"featured_media":0,"parent":1932,"menu_order":0,"comment_status":"closed","ping_status":"closed","template":"","meta":{"_acf_changed":false,"_joinchat":[],"footnotes":""},"class_list":["post-3334","page","type-page","status-publish","hentry"],"acf":[],"yoast_head":"<!-- This site is optimized with the Yoast SEO Premium plugin v27.5 (Yoast SEO v27.5) - https:\/\/yoast.com\/product\/yoast-seo-premium-wordpress\/ -->\n<title>Tr\u00e1s-os-Montes - Tourinto Premium Wines<\/title>\n<meta name=\"description\" content=\"Regi\u00e3o Vitivin\u00edcola de Tr\u00e1s-os-Montes localiza-se no canto nordeste de Portugal, onde as caracter\u00edsticas vinhas velhas originam vinhos diferenciados.\" \/>\n<meta name=\"robots\" content=\"index, follow, max-snippet:-1, max-image-preview:large, max-video-preview:-1\" \/>\n<link rel=\"canonical\" href=\"https:\/\/www.tourinto.pt\/en\/produtores\/tras-os-montes\/\" \/>\n<meta property=\"og:locale\" content=\"en_GB\" \/>\n<meta property=\"og:type\" content=\"article\" \/>\n<meta property=\"og:title\" content=\"Tr\u00e1s-os-Montes\" \/>\n<meta property=\"og:description\" content=\"Regi\u00e3o Vitivin\u00edcola de Tr\u00e1s-os-Montes localiza-se no canto nordeste de Portugal, onde as caracter\u00edsticas vinhas velhas originam vinhos diferenciados.\" \/>\n<meta property=\"og:url\" content=\"https:\/\/www.tourinto.pt\/en\/produtores\/tras-os-montes\/\" \/>\n<meta property=\"og:site_name\" content=\"Tourinto Premium Wines\" \/>\n<meta property=\"article:publisher\" content=\"https:\/\/www.facebook.com\/garrafeiratourinto\" \/>\n<meta property=\"article:modified_time\" content=\"2024-06-19T09:26:53+00:00\" \/>\n<meta property=\"og:image\" content=\"https:\/\/i0.wp.com\/www.tourinto.pt\/wp-content\/uploads\/2022\/07\/tourinto-logo-big.png?fit=1400%2C505&ssl=1\" \/>\n\t<meta property=\"og:image:width\" content=\"1400\" \/>\n\t<meta property=\"og:image:height\" content=\"505\" \/>\n\t<meta property=\"og:image:type\" content=\"image\/png\" \/>\n<meta name=\"twitter:card\" content=\"summary_large_image\" \/>\n<meta name=\"twitter:label1\" content=\"Estimated reading time\" \/>\n\t<meta name=\"twitter:data1\" content=\"1 minute\" \/>\n<script type=\"application\/ld+json\" class=\"yoast-schema-graph\">{\"@context\":\"https:\\\/\\\/schema.org\",\"@graph\":[{\"@type\":\"WebPage\",\"@id\":\"https:\\\/\\\/www.tourinto.pt\\\/produtores\\\/tras-os-montes\\\/\",\"url\":\"https:\\\/\\\/www.tourinto.pt\\\/produtores\\\/tras-os-montes\\\/\",\"name\":\"Tr\u00e1s-os-Montes - Tourinto Premium Wines\",\"isPartOf\":{\"@id\":\"https:\\\/\\\/www.tourinto.pt\\\/#website\"},\"datePublished\":\"2022-11-16T15:22:30+00:00\",\"dateModified\":\"2024-06-19T09:26:53+00:00\",\"description\":\"Regi\u00e3o Vitivin\u00edcola de Tr\u00e1s-os-Montes localiza-se no canto nordeste de Portugal, onde as caracter\u00edsticas vinhas velhas originam vinhos diferenciados.\",\"breadcrumb\":{\"@id\":\"https:\\\/\\\/www.tourinto.pt\\\/produtores\\\/tras-os-montes\\\/#breadcrumb\"},\"inLanguage\":\"en-GB\",\"potentialAction\":[{\"@type\":\"ReadAction\",\"target\":[\"https:\\\/\\\/www.tourinto.pt\\\/produtores\\\/tras-os-montes\\\/\"]}]},{\"@type\":\"BreadcrumbList\",\"@id\":\"https:\\\/\\\/www.tourinto.pt\\\/produtores\\\/tras-os-montes\\\/#breadcrumb\",\"itemListElement\":[{\"@type\":\"ListItem\",\"position\":1,\"name\":\"In\u00edcio\",\"item\":\"https:\\\/\\\/www.tourinto.pt\\\/\"},{\"@type\":\"ListItem\",\"position\":2,\"name\":\"Produtores\",\"item\":\"https:\\\/\\\/www.tourinto.pt\\\/produtores\\\/\"},{\"@type\":\"ListItem\",\"position\":3,\"name\":\"Tr\u00e1s-os-Montes\"}]},{\"@type\":\"WebSite\",\"@id\":\"https:\\\/\\\/www.tourinto.pt\\\/#website\",\"url\":\"https:\\\/\\\/www.tourinto.pt\\\/\",\"name\":\"Tourinto Premium Wines\",\"description\":\"Garrafeira on-line\",\"publisher\":{\"@id\":\"https:\\\/\\\/www.tourinto.pt\\\/#organization\"},\"alternateName\":\"Garrafeira on-line\",\"potentialAction\":[{\"@type\":\"SearchAction\",\"target\":{\"@type\":\"EntryPoint\",\"urlTemplate\":\"https:\\\/\\\/www.tourinto.pt\\\/?s={search_term_string}\"},\"query-input\":{\"@type\":\"PropertyValueSpecification\",\"valueRequired\":true,\"valueName\":\"search_term_string\"}}],\"inLanguage\":\"en-GB\"},{\"@type\":[\"Organization\",\"Place\"],\"@id\":\"https:\\\/\\\/www.tourinto.pt\\\/#organization\",\"name\":\"Tourinto\",\"alternateName\":\"Garrafeira Tourinto, Lda.\",\"url\":\"https:\\\/\\\/www.tourinto.pt\\\/\",\"logo\":{\"@id\":\"https:\\\/\\\/www.tourinto.pt\\\/produtores\\\/tras-os-montes\\\/#local-main-organization-logo\"},\"image\":{\"@id\":\"https:\\\/\\\/www.tourinto.pt\\\/produtores\\\/tras-os-montes\\\/#local-main-organization-logo\"},\"sameAs\":[\"https:\\\/\\\/www.facebook.com\\\/garrafeiratourinto\",\"https:\\\/\\\/www.instagram.com\\\/garrafeiratourinto\\\/\"],\"telephone\":[],\"openingHoursSpecification\":[{\"@type\":\"OpeningHoursSpecification\",\"dayOfWeek\":[\"Monday\",\"Tuesday\",\"Wednesday\",\"Thursday\",\"Friday\",\"Saturday\",\"Sunday\"],\"opens\":\"09:00\",\"closes\":\"17:00\"}]},{\"@type\":\"ImageObject\",\"inLanguage\":\"en-GB\",\"@id\":\"https:\\\/\\\/www.tourinto.pt\\\/produtores\\\/tras-os-montes\\\/#local-main-organization-logo\",\"url\":\"https:\\\/\\\/i0.wp.com\\\/www.tourinto.pt\\\/wp-content\\\/uploads\\\/2022\\\/07\\\/tourinto-logo-big.png?fit=1400%2C505&ssl=1\",\"contentUrl\":\"https:\\\/\\\/i0.wp.com\\\/www.tourinto.pt\\\/wp-content\\\/uploads\\\/2022\\\/07\\\/tourinto-logo-big.png?fit=1400%2C505&ssl=1\",\"width\":1400,\"height\":505,\"caption\":\"Tourinto\"}]}<\/script>\n<!-- \/ Yoast SEO Premium plugin. -->","yoast_head_json":{"title":"Tr\u00e1s-os-Montes - Tourinto Premium Wines","description":"Regi\u00e3o Vitivin\u00edcola de Tr\u00e1s-os-Montes localiza-se no canto nordeste de Portugal, onde as caracter\u00edsticas vinhas velhas originam vinhos diferenciados.","robots":{"index":"index","follow":"follow","max-snippet":"max-snippet:-1","max-image-preview":"max-image-preview:large","max-video-preview":"max-video-preview:-1"},"canonical":"https:\/\/www.tourinto.pt\/en\/produtores\/tras-os-montes\/","og_locale":"en_GB","og_type":"article","og_title":"Tr\u00e1s-os-Montes","og_description":"Regi\u00e3o Vitivin\u00edcola de Tr\u00e1s-os-Montes localiza-se no canto nordeste de Portugal, onde as caracter\u00edsticas vinhas velhas originam vinhos diferenciados.","og_url":"https:\/\/www.tourinto.pt\/en\/produtores\/tras-os-montes\/","og_site_name":"Tourinto Premium Wines","article_publisher":"https:\/\/www.facebook.com\/garrafeiratourinto","article_modified_time":"2024-06-19T09:26:53+00:00","og_image":[{"width":1400,"height":505,"url":"https:\/\/i0.wp.com\/www.tourinto.pt\/wp-content\/uploads\/2022\/07\/tourinto-logo-big.png?fit=1400%2C505&ssl=1","type":"image\/png"}],"twitter_card":"summary_large_image","twitter_misc":{"Estimated reading time":"1 minute"},"schema":{"@context":"https:\/\/schema.org","@graph":[{"@type":"WebPage","@id":"https:\/\/www.tourinto.pt\/produtores\/tras-os-montes\/","url":"https:\/\/www.tourinto.pt\/produtores\/tras-os-montes\/","name":"Tr\u00e1s-os-Montes - Tourinto Premium Wines","isPartOf":{"@id":"https:\/\/www.tourinto.pt\/#website"},"datePublished":"2022-11-16T15:22:30+00:00","dateModified":"2024-06-19T09:26:53+00:00","description":"Regi\u00e3o Vitivin\u00edcola de Tr\u00e1s-os-Montes localiza-se no canto nordeste de Portugal, onde as caracter\u00edsticas vinhas velhas originam vinhos diferenciados.","breadcrumb":{"@id":"https:\/\/www.tourinto.pt\/produtores\/tras-os-montes\/#breadcrumb"},"inLanguage":"en-GB","potentialAction":[{"@type":"ReadAction","target":["https:\/\/www.tourinto.pt\/produtores\/tras-os-montes\/"]}]},{"@type":"BreadcrumbList","@id":"https:\/\/www.tourinto.pt\/produtores\/tras-os-montes\/#breadcrumb","itemListElement":[{"@type":"ListItem","position":1,"name":"In\u00edcio","item":"https:\/\/www.tourinto.pt\/"},{"@type":"ListItem","position":2,"name":"Produtores","item":"https:\/\/www.tourinto.pt\/produtores\/"},{"@type":"ListItem","position":3,"name":"Tr\u00e1s-os-Montes"}]},{"@type":"WebSite","@id":"https:\/\/www.tourinto.pt\/#website","url":"https:\/\/www.tourinto.pt\/","name":"Tourinto Premium Wines","description":"Wine Shop online","publisher":{"@id":"https:\/\/www.tourinto.pt\/#organization"},"alternateName":"Garrafeira on-line","potentialAction":[{"@type":"SearchAction","target":{"@type":"EntryPoint","urlTemplate":"https:\/\/www.tourinto.pt\/?s={search_term_string}"},"query-input":{"@type":"PropertyValueSpecification","valueRequired":true,"valueName":"search_term_string"}}],"inLanguage":"en-GB"},{"@type":["Organization","Place"],"@id":"https:\/\/www.tourinto.pt\/#organization","name":"Tourinto","alternateName":"Garrafeira Tourinto, Lda.","url":"https:\/\/www.tourinto.pt\/","logo":{"@id":"https:\/\/www.tourinto.pt\/produtores\/tras-os-montes\/#local-main-organization-logo"},"image":{"@id":"https:\/\/www.tourinto.pt\/produtores\/tras-os-montes\/#local-main-organization-logo"},"sameAs":["https:\/\/www.facebook.com\/garrafeiratourinto","https:\/\/www.instagram.com\/garrafeiratourinto\/"],"telephone":[],"openingHoursSpecification":[{"@type":"OpeningHoursSpecification","dayOfWeek":["Monday","Tuesday","Wednesday","Thursday","Friday","Saturday","Sunday"],"opens":"09:00","closes":"17:00"}]},{"@type":"ImageObject","inLanguage":"en-GB","@id":"https:\/\/www.tourinto.pt\/produtores\/tras-os-montes\/#local-main-organization-logo","url":"https:\/\/i0.wp.com\/www.tourinto.pt\/wp-content\/uploads\/2022\/07\/tourinto-logo-big.png?fit=1400%2C505&ssl=1","contentUrl":"https:\/\/i0.wp.com\/www.tourinto.pt\/wp-content\/uploads\/2022\/07\/tourinto-logo-big.png?fit=1400%2C505&ssl=1","width":1400,"height":505,"caption":"Tourinto"}]}},"jetpack_sharing_enabled":true,"_links":{"self":[{"href":"https:\/\/www.tourinto.pt\/en\/wp-json\/wp\/v2\/pages\/3334","targetHints":{"allow":["GET"]}}],"collection":[{"href":"https:\/\/www.tourinto.pt\/en\/wp-json\/wp\/v2\/pages"}],"about":[{"href":"https:\/\/www.tourinto.pt\/en\/wp-json\/wp\/v2\/types\/page"}],"author":[{"embeddable":true,"href":"https:\/\/www.tourinto.pt\/en\/wp-json\/wp\/v2\/users\/2"}],"replies":[{"embeddable":true,"href":"https:\/\/www.tourinto.pt\/en\/wp-json\/wp\/v2\/comments?post=3334"}],"version-history":[{"count":5,"href":"https:\/\/www.tourinto.pt\/en\/wp-json\/wp\/v2\/pages\/3334\/revisions"}],"predecessor-version":[{"id":10010,"href":"https:\/\/www.tourinto.pt\/en\/wp-json\/wp\/v2\/pages\/3334\/revisions\/10010"}],"up":[{"embeddable":true,"href":"https:\/\/www.tourinto.pt\/en\/wp-json\/wp\/v2\/pages\/1932"}],"wp:attachment":[{"href":"https:\/\/www.tourinto.pt\/en\/wp-json\/wp\/v2\/media?parent=3334"}],"curies":[{"name":"wp","href":"https:\/\/api.w.org\/{rel}","templated":true}]}}