{"id":11614,"date":"2025-01-05T18:35:08","date_gmt":"2025-01-05T18:35:08","guid":{"rendered":"https:\/\/www.tourinto.pt\/?page_id=11614"},"modified":"2026-08-09T09:36:12","modified_gmt":"2026-08-09T09:36:12","slug":"colinas-de-sao-lourenco","status":"publish","type":"page","link":"https:\/\/www.tourinto.pt\/en\/produtores-portugal\/vinhos-da-bairrada\/colinas-de-sao-lourenco\/","title":{"rendered":"Colinas de S\u00e3o Louren\u00e7o"},"content":{"rendered":"<div class=\"wpb-content-wrapper\" id=\"wpb-content-root\"><div class=\"vc_row wpb_row vc_row-fluid vc_custom_1662988157786\"><div class=\"wpb_column vc_column_container vc_col-sm-2\"><div class=\"vc_column-inner\"><div class=\"wpb_wrapper\"><\/div><\/div><\/div><div class=\"wpb_column vc_column_container vc_col-sm-8\"><div class=\"vc_column-inner  vc_custom_1458555142589\"><div class=\"wpb_wrapper\">\n\t<div class=\"title-subtitle-box \" style=\" text-align: center;\">\n\t\t<p  style=\"\">Constru\u00edda de acordo com os melhores exemplos a n\u00edvel mundial.<\/p>\n\t\t<h1 style=\" font-style: normal;\">Colinas de S\u00e3o Louren\u00e7o<\/h1>\n\t<\/div> \n\t<div class=\"wpb_text_column wpb_content_element \" >\n\t\t<div class=\"wpb_wrapper\">\n\t\t\t<p style=\"text-align: center;\"><strong>Regi\u00e3o<\/strong> &#8211; <a href=\"https:\/\/www.tourinto.pt\/portugal\/vinhos-da-bairrada\/\">Bairrada<\/a><br \/>\n<strong>Clima<\/strong> &#8211; Mediterr\u00e2nico de Influ\u00eancia Atl\u00e2ntica<br \/>\n<strong>Solo<\/strong> &#8211; Argilo-Calc\u00e1rico<br \/>\n<strong>Viticultura<\/strong> &#8211; Sustent\u00e1vel<br \/>\n<strong>Vinifica\u00e7\u00e3o<\/strong> &#8211; Controlada<br \/>\n<strong>Enologia<\/strong> &#8211; Pascal Chatonnet<\/p>\n<p><a href=\"https:\/\/fladgatefamilywines.com\/\"><span style=\"color: #ffffff;\">Principal<\/span><\/a><\/p>\n\n\t\t<\/div>\n\t<\/div>\n<\/div><\/div><\/div><div class=\"wpb_column vc_column_container vc_col-sm-2\"><div class=\"vc_column-inner\"><div class=\"wpb_wrapper\"><\/div><\/div><\/div><\/div><div class=\"vc_row wpb_row vc_row-fluid\"><div class=\"wpb_column vc_column_container vc_col-sm-12\"><div class=\"vc_column-inner\"><div class=\"wpb_wrapper\">\n\t<div class=\"title-subtitle-box  vc_custom_1736100293213 vc_custom_1736100293213 vc_custom_1736100293214\" style=\" margin-bottom:90px; text-align: center;\">\n\t\t<p  style=\"\">Colinas de S\u00e3o Louren\u00e7o<\/p>\n\t\t<h1 style=\" font-style: normal;\">As nossas Escolhas<\/h1>\n\t<\/div> <div class=\"woocommerce columns-3 \"><div class=\"row\">\r\n<ul class=\"products\">\r\n<li class=\"col-xs-12 col-sm-6 col-md-4 product type-product post-6712 status-publish first instock product_cat-blend-brancos product_cat-vinho-branco product_cat-bairrada product_cat-colinas-de-sao-lourenco product_cat-vinhos-portugal product_cat-tipologia product_cat-regiao product_cat-produtores product_cat-principal product_tag-bairrada product_tag-chardonnay product_tag-sauvignon-blanc has-post-thumbnail taxable shipping-taxable purchasable product-type-simple\">\r\n\r\n\t<a href=\"https:\/\/www.tourinto.pt\/en\/product\/principal-grande-reserva-branco\/\" class=\"woocommerce-LoopProduct-link woocommerce-loop-product__link\"><h2 class=\"woocommerce-loop-product__title\">Principal Grande Reserva Branco 2019<\/h2><div class=\"gg-product-image-wrapper\"><img loading=\"lazy\" decoding=\"async\" width=\"881\" height=\"1400\" src=\"https:\/\/www.tourinto.pt\/wp-content\/uploads\/2023\/07\/Principal-Grande-Reserva-Branco.webp\" class=\"attachment-woocommerce_thumbnail size-woocommerce_thumbnail\" alt=\"Principal Vinho Branco, Principal Bairrada Branco, Principal Reserva Branco, Vinho Principal Reserva\" srcset=\"https:\/\/www.tourinto.pt\/wp-content\/uploads\/2023\/07\/Principal-Grande-Reserva-Branco.webp 881w, https:\/\/www.tourinto.pt\/wp-content\/uploads\/2023\/07\/Principal-Grande-Reserva-Branco-189x300.webp 189w, https:\/\/www.tourinto.pt\/wp-content\/uploads\/2023\/07\/Principal-Grande-Reserva-Branco-644x1024.webp 644w, https:\/\/www.tourinto.pt\/wp-content\/uploads\/2023\/07\/Principal-Grande-Reserva-Branco-768x1220.webp 768w, https:\/\/www.tourinto.pt\/wp-content\/uploads\/2023\/07\/Principal-Grande-Reserva-Branco-8x12.webp 8w\" sizes=\"auto, (max-width: 881px) 100vw, 881px\" \/><\/div><\/a><div class=\"berocket_better_labels berocket_better_labels_image\"><div class=\"berocket_better_labels_position berocket_better_labels_position_right\"><div class=\"berocket_better_labels_line berocket_better_labels_line_5\"><div class=\"berocket_better_labels_inline berocket_better_labels_inline_5\"><div class=\"br_alabel br_alabel_type_text br_alabel_template_type_image berocket_alabel_id_9085 berocket-label-user-image br_alabel_better_compatibility\" style=\"\"><span  data-tippy-delay=\"[0,0]\" data-tippy-placement=\"top\" data-tippy-maxWidth=\"300px\" data-tippy-trigger=\"mouseenter\" data-tippy-theme=\"dark\" data-tippy-hideOnClick=\"trigger\" data-tippy-arrow=\"false\" style=\" background: transparent url(&quot;https:\/\/www.tourinto.pt\/wp-content\/uploads\/2024\/02\/RV-94.png&quot;) no-repeat right top\/contain;\" class=\"berocket-label-user-image\"><i style=\"background-color: #f16543; border-color: #f16543;\" class=\"template-span-before \"><\/i><i style=\"background-color: #f16543; border-color: #f16543;\" class=\"template-i \"><\/i><i style=\"background-color: #f16543; border-color: #f16543;\" class=\"template-i-before \"><\/i><i style=\"background-color: #f16543; border-color: #f16543;\" class=\"template-i-after \"><\/i><b style=\"text-align: center;z-index: 100;display: none;\" class=\"br-labels-image br-labels-image-1000\">SALE<\/b><div style='display:none;' class='br_tooltip'><span class='berocket_tooltip_text'>Rev. Vinhos 94<\/span><\/div><\/span><\/div><\/div><\/div><div class=\"berocket_better_labels_line berocket_better_labels_line_6\"><div class=\"berocket_better_labels_inline berocket_better_labels_inline_6\"><div class=\"br_alabel br_alabel_type_text br_alabel_template_type_image berocket_alabel_id_5545 berocket-label-user-image br_alabel_better_compatibility\" style=\"\"><span  data-tippy-delay=\"[0,0]\" data-tippy-placement=\"top\" data-tippy-maxWidth=\"300px\" data-tippy-trigger=\"mouseenter\" data-tippy-theme=\"dark\" data-tippy-hideOnClick=\"trigger\" data-tippy-arrow=\"false\" style=\" background: transparent url(&quot;https:\/\/www.tourinto.pt\/wp-content\/uploads\/2024\/02\/Escolha-18.png&quot;) no-repeat right top\/contain;\" class=\"berocket-label-user-image\"><i style=\"background-color: #f16543; border-color: #f16543;\" class=\"template-span-before \"><\/i><i style=\"background-color: #f16543; border-color: #f16543;\" class=\"template-i \"><\/i><i style=\"background-color: #f16543; border-color: #f16543;\" class=\"template-i-before \"><\/i><i style=\"background-color: #f16543; border-color: #f16543;\" class=\"template-i-after \"><\/i><b style=\"text-align: center;z-index: 100;display: none;\" class=\"br-labels-image br-labels-image-1000\">SALE<\/b><div style='display:none;' class='br_tooltip'><span class='berocket_tooltip_text'>Grand. Escolhas 18<\/span><\/div><\/span><\/div><\/div><\/div><\/div><\/div><div class=\"gg-product-meta-wrapper\">\r\n\r\n<dl>\r\n        <dt>\r\n        Ano    <\/dt>\r\n    <dd>\r\n        <span class=\"year\">2019<\/span>\r\n    <\/dd>\r\n    \r\n            <dt>\r\n        Price    <\/dt>\r\n    <dd>\r\n        <span class=\"price\"><span class=\"woocommerce-Price-amount amount\"><bdi>51,85&nbsp;<span class=\"woocommerce-Price-currencySymbol\" translate=\"no\">&euro;<\/span><\/bdi><\/span><\/span>\r\n    <\/dd>\r\n        <\/dl>\r\n<a href=\"\/en\/wp-json\/wp\/v2\/pages\/11614?add-to-cart=6712\" aria-describedby=\"woocommerce_loop_add_to_cart_link_describedby_6712\" data-quantity=\"1\" class=\"button product_type_simple add_to_cart_button ajax_add_to_cart\" data-product_id=\"6712\" data-product_sku=\"75.01.2019\" aria-label=\"Add to basket: &ldquo;Principal Grande Reserva Branco 2019&rdquo;\" rel=\"nofollow\" data-success_message=\"&ldquo;Principal Grande Reserva Branco 2019&rdquo; has been added to your basket\" title=\"Minimum qty is 1\" role=\"button\">Add to basket<\/a>\t<span id=\"woocommerce_loop_add_to_cart_link_describedby_6712\" class=\"screen-reader-text\">\n\t\t\t<\/span>\n<\/div>\r\n<\/li>\r\n\r\n<li class=\"col-xs-12 col-sm-6 col-md-4 product type-product post-11423 status-publish instock product_cat-ready-to-drink product_cat-vinho-branco product_cat-bairrada product_cat-chardonnay product_cat-colinas-de-sao-lourenco product_cat-vinhos-portugal product_cat-tipologia product_cat-regiao product_cat-produtores product_cat-principal product_tag-bairrada product_tag-chardonnay has-post-thumbnail taxable shipping-taxable purchasable product-type-simple\">\r\n\r\n\t<a href=\"https:\/\/www.tourinto.pt\/en\/product\/calcario-do-principal-branco\/\" class=\"woocommerce-LoopProduct-link woocommerce-loop-product__link\"><h2 class=\"woocommerce-loop-product__title\">Calc\u00e1rio3 do Principal Branco<\/h2><div class=\"gg-product-image-wrapper\"><img loading=\"lazy\" decoding=\"async\" width=\"881\" height=\"1400\" src=\"https:\/\/www.tourinto.pt\/wp-content\/uploads\/2024\/12\/Calcario-do-Principal-Branco.webp\" class=\"attachment-woocommerce_thumbnail size-woocommerce_thumbnail\" alt=\"Principal Calc\u00e1rio Branco, Calc\u00e1rio Vinho Branco, Pincipal Chardonnay, Calc\u00e1rio 3 branco Calc\u00e1rio 3 Bairrada\" srcset=\"https:\/\/www.tourinto.pt\/wp-content\/uploads\/2024\/12\/Calcario-do-Principal-Branco.webp 881w, https:\/\/www.tourinto.pt\/wp-content\/uploads\/2024\/12\/Calcario-do-Principal-Branco-189x300.webp 189w, https:\/\/www.tourinto.pt\/wp-content\/uploads\/2024\/12\/Calcario-do-Principal-Branco-644x1024.webp 644w, https:\/\/www.tourinto.pt\/wp-content\/uploads\/2024\/12\/Calcario-do-Principal-Branco-768x1220.webp 768w, https:\/\/www.tourinto.pt\/wp-content\/uploads\/2024\/12\/Calcario-do-Principal-Branco-8x12.webp 8w\" sizes=\"auto, (max-width: 881px) 100vw, 881px\" \/><\/div><\/a><div class=\"berocket_better_labels berocket_better_labels_image\"><div class=\"berocket_better_labels_position berocket_better_labels_position_right\"><div class=\"berocket_better_labels_line berocket_better_labels_line_6\"><div class=\"berocket_better_labels_inline berocket_better_labels_inline_6\"><div class=\"br_alabel br_alabel_type_text br_alabel_template_type_image berocket_alabel_id_5544 berocket-label-user-image br_alabel_better_compatibility\" style=\"\"><span  data-tippy-delay=\"[0,0]\" data-tippy-placement=\"top\" data-tippy-maxWidth=\"300px\" data-tippy-trigger=\"mouseenter\" data-tippy-theme=\"dark\" data-tippy-hideOnClick=\"trigger\" data-tippy-arrow=\"false\" style=\" background: transparent url(&quot;https:\/\/www.tourinto.pt\/wp-content\/uploads\/2024\/02\/Escolha-175.png&quot;) no-repeat right top\/contain;\" class=\"berocket-label-user-image\"><i style=\"background-color: #f16543; border-color: #f16543;\" class=\"template-span-before \"><\/i><i style=\"background-color: #f16543; border-color: #f16543;\" class=\"template-i \"><\/i><i style=\"background-color: #f16543; border-color: #f16543;\" class=\"template-i-before \"><\/i><i style=\"background-color: #f16543; border-color: #f16543;\" class=\"template-i-after \"><\/i><b style=\"text-align: center;z-index: 100;display: none;\" class=\"br-labels-image br-labels-image-1000\">SALE<\/b><div style='display:none;' class='br_tooltip'><span class='berocket_tooltip_text'>Grand. Escolhas 17,5<\/span><\/div><\/span><\/div><\/div><\/div><\/div><\/div><div class=\"gg-product-meta-wrapper\">\r\n\r\n<dl>\r\n        <dt>\r\n        Ano    <\/dt>\r\n    <dd>\r\n        <span class=\"year\">2022<\/span>\r\n    <\/dd>\r\n    \r\n            <dt>\r\n        Price    <\/dt>\r\n    <dd>\r\n        <span class=\"price\"><span class=\"woocommerce-Price-amount amount\"><bdi>22,70&nbsp;<span class=\"woocommerce-Price-currencySymbol\" translate=\"no\">&euro;<\/span><\/bdi><\/span><\/span>\r\n    <\/dd>\r\n        <\/dl>\r\n<a href=\"\/en\/wp-json\/wp\/v2\/pages\/11614?add-to-cart=11423\" aria-describedby=\"woocommerce_loop_add_to_cart_link_describedby_11423\" data-quantity=\"1\" class=\"button product_type_simple add_to_cart_button ajax_add_to_cart\" data-product_id=\"11423\" data-product_sku=\"75.07.2022\" aria-label=\"Add to basket: &ldquo;Calc\u00e1rio3 do Principal Branco&rdquo;\" rel=\"nofollow\" data-success_message=\"&ldquo;Calc\u00e1rio3 do Principal Branco&rdquo; has been added to your basket\" title=\"Minimum qty is 1\" role=\"button\">Add to basket<\/a>\t<span id=\"woocommerce_loop_add_to_cart_link_describedby_11423\" class=\"screen-reader-text\">\n\t\t\t<\/span>\n<\/div>\r\n<\/li>\r\n\r\n<li class=\"col-xs-12 col-sm-6 col-md-4 product type-product post-6713 status-publish last instock product_cat-sushi-e-marisco product_cat-vinho-rose product_cat-vegetariano product_cat-bairrada product_cat-colinas-de-sao-lourenco product_cat-vinhos-portugal product_cat-tipologia product_cat-regiao product_cat-produtores product_cat-pinot-noir product_cat-principal product_tag-bairrada product_tag-pinot-noir product_tag-vinho-rose has-post-thumbnail taxable shipping-taxable purchasable product-type-simple\">\r\n\r\n\t<a href=\"https:\/\/www.tourinto.pt\/en\/product\/principal-rose\/\" class=\"woocommerce-LoopProduct-link woocommerce-loop-product__link\"><h2 class=\"woocommerce-loop-product__title\">Principal Ros\u00e9 T\u00eate de Cuv\u00e8e 2019<\/h2><div class=\"gg-product-image-wrapper\"><img loading=\"lazy\" decoding=\"async\" width=\"881\" height=\"1400\" src=\"https:\/\/www.tourinto.pt\/wp-content\/uploads\/2024\/12\/Principal-Rose.webp\" class=\"attachment-woocommerce_thumbnail size-woocommerce_thumbnail\" alt=\"Principal Ros\u00e9, Principal Vinho Ros\u00e9 Principal Pinot Noir, Vinho Principal Magnum, Principal Magnum, Principal Bairrada Ros\u00e9\" srcset=\"https:\/\/www.tourinto.pt\/wp-content\/uploads\/2024\/12\/Principal-Rose.webp 881w, https:\/\/www.tourinto.pt\/wp-content\/uploads\/2024\/12\/Principal-Rose-189x300.webp 189w, https:\/\/www.tourinto.pt\/wp-content\/uploads\/2024\/12\/Principal-Rose-644x1024.webp 644w, https:\/\/www.tourinto.pt\/wp-content\/uploads\/2024\/12\/Principal-Rose-768x1220.webp 768w, https:\/\/www.tourinto.pt\/wp-content\/uploads\/2024\/12\/Principal-Rose-8x12.webp 8w\" sizes=\"auto, (max-width: 881px) 100vw, 881px\" \/><\/div><\/a><div class=\"berocket_better_labels berocket_better_labels_image\"><div class=\"berocket_better_labels_position berocket_better_labels_position_right\"><div class=\"berocket_better_labels_line berocket_better_labels_line_5\"><div class=\"berocket_better_labels_inline berocket_better_labels_inline_5\"><div class=\"br_alabel br_alabel_type_text br_alabel_template_type_image berocket_alabel_id_9085 berocket-label-user-image br_alabel_better_compatibility\" style=\"\"><span  data-tippy-delay=\"[0,0]\" data-tippy-placement=\"top\" data-tippy-maxWidth=\"300px\" data-tippy-trigger=\"mouseenter\" data-tippy-theme=\"dark\" data-tippy-hideOnClick=\"trigger\" data-tippy-arrow=\"false\" style=\" background: transparent url(&quot;https:\/\/www.tourinto.pt\/wp-content\/uploads\/2024\/02\/RV-94.png&quot;) no-repeat right top\/contain;\" class=\"berocket-label-user-image\"><i style=\"background-color: #f16543; border-color: #f16543;\" class=\"template-span-before \"><\/i><i style=\"background-color: #f16543; border-color: #f16543;\" class=\"template-i \"><\/i><i style=\"background-color: #f16543; border-color: #f16543;\" class=\"template-i-before \"><\/i><i style=\"background-color: #f16543; border-color: #f16543;\" class=\"template-i-after \"><\/i><b style=\"text-align: center;z-index: 100;display: none;\" class=\"br-labels-image br-labels-image-1000\">SALE<\/b><div style='display:none;' class='br_tooltip'><span class='berocket_tooltip_text'>Rev. Vinhos 94<\/span><\/div><\/span><\/div><\/div><\/div><\/div><\/div><div class=\"gg-product-meta-wrapper\">\r\n\r\n<dl>\r\n        <dt>\r\n        Ano    <\/dt>\r\n    <dd>\r\n        <span class=\"year\">2019<\/span>\r\n    <\/dd>\r\n    \r\n            <dt>\r\n        Price    <\/dt>\r\n    <dd>\r\n        <span class=\"price\"><span class=\"woocommerce-Price-amount amount\"><bdi>51,85&nbsp;<span class=\"woocommerce-Price-currencySymbol\" translate=\"no\">&euro;<\/span><\/bdi><\/span><\/span>\r\n    <\/dd>\r\n        <\/dl>\r\n<a href=\"\/en\/wp-json\/wp\/v2\/pages\/11614?add-to-cart=6713\" aria-describedby=\"woocommerce_loop_add_to_cart_link_describedby_6713\" data-quantity=\"1\" class=\"button product_type_simple add_to_cart_button ajax_add_to_cart\" data-product_id=\"6713\" data-product_sku=\"75.03.2019\" aria-label=\"Add to basket: &ldquo;Principal Ros\u00e9 T\u00eate de Cuv\u00e8e 2019&rdquo;\" rel=\"nofollow\" data-success_message=\"&ldquo;Principal Ros\u00e9 T\u00eate de Cuv\u00e8e 2019&rdquo; has been added to your basket\" title=\"Minimum qty is 1\" role=\"button\">Add to basket<\/a>\t<span id=\"woocommerce_loop_add_to_cart_link_describedby_6713\" class=\"screen-reader-text\">\n\t\t\t<\/span>\n<\/div>\r\n<\/li>\r\n\r\n<li class=\"col-xs-12 col-sm-6 col-md-4 product type-product post-11426 status-publish first instock product_cat-ready-to-drink-tintos product_cat-vinho-tinto product_cat-blend-tintos product_cat-bairrada product_cat-colinas-de-sao-lourenco product_cat-vinhos-portugal product_cat-tipologia product_cat-regiao product_cat-produtores product_cat-principal product_tag-touriga-nacional product_tag-cabernet-sauvignon product_tag-bairrada product_tag-merlot has-post-thumbnail taxable shipping-taxable purchasable product-type-simple\">\r\n\r\n\t<a href=\"https:\/\/www.tourinto.pt\/en\/product\/calcario-do-principal-tinto\/\" class=\"woocommerce-LoopProduct-link woocommerce-loop-product__link\"><h2 class=\"woocommerce-loop-product__title\">Calc\u00e1rio 3 do Principal Tinto<\/h2><div class=\"gg-product-image-wrapper\"><img loading=\"lazy\" decoding=\"async\" width=\"881\" height=\"1400\" src=\"https:\/\/www.tourinto.pt\/wp-content\/uploads\/2024\/12\/Calcario-3-do-Principal.webp\" class=\"attachment-woocommerce_thumbnail size-woocommerce_thumbnail\" alt=\"Pincipal Calc\u00e1rio Tinto, Calc\u00e1rio Vinho Tinto, Calc\u00e1rio 3 Tinto, Principal Calc\u00e1rio3, Calc\u00e1rio Bairrada\" srcset=\"https:\/\/www.tourinto.pt\/wp-content\/uploads\/2024\/12\/Calcario-3-do-Principal.webp 881w, https:\/\/www.tourinto.pt\/wp-content\/uploads\/2024\/12\/Calcario-3-do-Principal-189x300.webp 189w, https:\/\/www.tourinto.pt\/wp-content\/uploads\/2024\/12\/Calcario-3-do-Principal-644x1024.webp 644w, https:\/\/www.tourinto.pt\/wp-content\/uploads\/2024\/12\/Calcario-3-do-Principal-768x1220.webp 768w, https:\/\/www.tourinto.pt\/wp-content\/uploads\/2024\/12\/Calcario-3-do-Principal-8x12.webp 8w\" sizes=\"auto, (max-width: 881px) 100vw, 881px\" \/><\/div><\/a><div class=\"gg-product-meta-wrapper\">\r\n\r\n<dl>\r\n        <dt>\r\n        Ano    <\/dt>\r\n    <dd>\r\n        <span class=\"year\">2018<\/span>\r\n    <\/dd>\r\n    \r\n            <dt>\r\n        Price    <\/dt>\r\n    <dd>\r\n        <span class=\"price\"><span class=\"woocommerce-Price-amount amount\"><bdi>22,70&nbsp;<span class=\"woocommerce-Price-currencySymbol\" translate=\"no\">&euro;<\/span><\/bdi><\/span><\/span>\r\n    <\/dd>\r\n        <\/dl>\r\n<a href=\"\/en\/wp-json\/wp\/v2\/pages\/11614?add-to-cart=11426\" aria-describedby=\"woocommerce_loop_add_to_cart_link_describedby_11426\" data-quantity=\"1\" class=\"button product_type_simple add_to_cart_button ajax_add_to_cart\" data-product_id=\"11426\" data-product_sku=\"75.08.2018\" aria-label=\"Add to basket: &ldquo;Calc\u00e1rio 3 do Principal Tinto&rdquo;\" rel=\"nofollow\" data-success_message=\"&ldquo;Calc\u00e1rio 3 do Principal Tinto&rdquo; has been added to your basket\" title=\"Minimum qty is 1\" role=\"button\">Add to basket<\/a>\t<span id=\"woocommerce_loop_add_to_cart_link_describedby_11426\" class=\"screen-reader-text\">\n\t\t\t<\/span>\n<\/div>\r\n<\/li>\r\n\r\n<li class=\"col-xs-12 col-sm-6 col-md-4 product type-product post-6711 status-publish instock product_cat-ready-to-drink-tintos product_cat-vinho-tinto product_cat-blend-tintos product_cat-bairrada product_cat-colinas-de-sao-lourenco product_cat-vinhos-portugal product_cat-tipologia product_cat-regiao product_cat-produtores product_cat-principal product_tag-touriga-nacional product_tag-cabernet-sauvignon product_tag-bairrada product_tag-merlot has-post-thumbnail taxable shipping-taxable purchasable product-type-simple\">\r\n\r\n\t<a href=\"https:\/\/www.tourinto.pt\/en\/product\/principal-grande-reserva-tinto\/\" class=\"woocommerce-LoopProduct-link woocommerce-loop-product__link\"><h2 class=\"woocommerce-loop-product__title\">Principal Grande Reserva Tinto 2012<\/h2><div class=\"gg-product-image-wrapper\"><img loading=\"lazy\" decoding=\"async\" width=\"881\" height=\"1400\" src=\"https:\/\/www.tourinto.pt\/wp-content\/uploads\/2024\/12\/Principal-Grande-Reserva-Tinto-2012.webp\" class=\"attachment-woocommerce_thumbnail size-woocommerce_thumbnail\" alt=\"Principal Bairrada, Vinho Princioal, Principal Vinho Tinto, Principal Reserva Tinto\" srcset=\"https:\/\/www.tourinto.pt\/wp-content\/uploads\/2024\/12\/Principal-Grande-Reserva-Tinto-2012.webp 881w, https:\/\/www.tourinto.pt\/wp-content\/uploads\/2024\/12\/Principal-Grande-Reserva-Tinto-2012-189x300.webp 189w, https:\/\/www.tourinto.pt\/wp-content\/uploads\/2024\/12\/Principal-Grande-Reserva-Tinto-2012-644x1024.webp 644w, https:\/\/www.tourinto.pt\/wp-content\/uploads\/2024\/12\/Principal-Grande-Reserva-Tinto-2012-768x1220.webp 768w, https:\/\/www.tourinto.pt\/wp-content\/uploads\/2024\/12\/Principal-Grande-Reserva-Tinto-2012-8x12.webp 8w\" sizes=\"auto, (max-width: 881px) 100vw, 881px\" \/><\/div><\/a><div class=\"berocket_better_labels berocket_better_labels_image\"><div class=\"berocket_better_labels_position berocket_better_labels_position_right\"><div class=\"berocket_better_labels_line berocket_better_labels_line_5\"><div class=\"berocket_better_labels_inline berocket_better_labels_inline_5\"><div class=\"br_alabel br_alabel_type_text br_alabel_template_type_image berocket_alabel_id_5536 berocket-label-user-image br_alabel_better_compatibility\" style=\"\"><span  data-tippy-delay=\"[0,0]\" data-tippy-placement=\"top\" data-tippy-maxWidth=\"300px\" data-tippy-trigger=\"mouseenter\" data-tippy-theme=\"dark\" data-tippy-hideOnClick=\"trigger\" data-tippy-arrow=\"false\" style=\" background: transparent url(&quot;https:\/\/www.tourinto.pt\/wp-content\/uploads\/2023\/04\/Rev-Vinhos-185.webp&quot;) no-repeat right top\/contain;\" class=\"berocket-label-user-image\"><i style=\"background-color: #f16543; border-color: #f16543;\" class=\"template-span-before \"><\/i><i style=\"background-color: #f16543; border-color: #f16543;\" class=\"template-i \"><\/i><i style=\"background-color: #f16543; border-color: #f16543;\" class=\"template-i-before \"><\/i><i style=\"background-color: #f16543; border-color: #f16543;\" class=\"template-i-after \"><\/i><b style=\"text-align: center;z-index: 100;display: none;\" class=\"br-labels-image br-labels-image-1000\">SALE<\/b><div style='display:none;' class='br_tooltip'><span class='berocket_tooltip_text'>Rev. Vinhos 18,5<\/span><\/div><\/span><\/div><\/div><\/div><div class=\"berocket_better_labels_line berocket_better_labels_line_6\"><div class=\"berocket_better_labels_inline berocket_better_labels_inline_6\"><div class=\"br_alabel br_alabel_type_text br_alabel_template_type_image berocket_alabel_id_5545 berocket-label-user-image br_alabel_better_compatibility\" style=\"\"><span  data-tippy-delay=\"[0,0]\" data-tippy-placement=\"top\" data-tippy-maxWidth=\"300px\" data-tippy-trigger=\"mouseenter\" data-tippy-theme=\"dark\" data-tippy-hideOnClick=\"trigger\" data-tippy-arrow=\"false\" style=\" background: transparent url(&quot;https:\/\/www.tourinto.pt\/wp-content\/uploads\/2024\/02\/Escolha-18.png&quot;) no-repeat right top\/contain;\" class=\"berocket-label-user-image\"><i style=\"background-color: #f16543; border-color: #f16543;\" class=\"template-span-before \"><\/i><i style=\"background-color: #f16543; border-color: #f16543;\" class=\"template-i \"><\/i><i style=\"background-color: #f16543; border-color: #f16543;\" class=\"template-i-before \"><\/i><i style=\"background-color: #f16543; border-color: #f16543;\" class=\"template-i-after \"><\/i><b style=\"text-align: center;z-index: 100;display: none;\" class=\"br-labels-image br-labels-image-1000\">SALE<\/b><div style='display:none;' class='br_tooltip'><span class='berocket_tooltip_text'>Grand. Escolhas 18<\/span><\/div><\/span><\/div><\/div><\/div><\/div><\/div><div class=\"gg-product-meta-wrapper\">\r\n\r\n<dl>\r\n        <dt>\r\n        Ano    <\/dt>\r\n    <dd>\r\n        <span class=\"year\">2012<\/span>\r\n    <\/dd>\r\n    \r\n            <dt>\r\n        Price    <\/dt>\r\n    <dd>\r\n        <span class=\"price\"><span class=\"woocommerce-Price-amount amount\"><bdi>125,00&nbsp;<span class=\"woocommerce-Price-currencySymbol\" translate=\"no\">&euro;<\/span><\/bdi><\/span><\/span>\r\n    <\/dd>\r\n        <\/dl>\r\n<a href=\"\/en\/wp-json\/wp\/v2\/pages\/11614?add-to-cart=6711\" aria-describedby=\"woocommerce_loop_add_to_cart_link_describedby_6711\" data-quantity=\"1\" class=\"button product_type_simple add_to_cart_button ajax_add_to_cart\" data-product_id=\"6711\" data-product_sku=\"75.02.2012\" aria-label=\"Add to basket: &ldquo;Principal Grande Reserva Tinto 2012&rdquo;\" rel=\"nofollow\" data-success_message=\"&ldquo;Principal Grande Reserva Tinto 2012&rdquo; has been added to your basket\" title=\"Minimum qty is 1\" role=\"button\">Add to basket<\/a>\t<span id=\"woocommerce_loop_add_to_cart_link_describedby_6711\" class=\"screen-reader-text\">\n\t\t\t<\/span>\n<\/div>\r\n<\/li>\r\n\r\n<li class=\"col-xs-12 col-sm-6 col-md-4 product type-product post-17778 status-publish last instock product_cat-ready-to-drink-tintos product_cat-vinho-tinto product_cat-blend-tintos product_cat-bairrada product_cat-colinas-de-sao-lourenco product_cat-vinhos-portugal product_cat-tipologia product_cat-regiao product_cat-produtores product_cat-principal product_tag-touriga-nacional product_tag-cabernet-sauvignon product_tag-bairrada product_tag-merlot has-post-thumbnail taxable shipping-taxable purchasable product-type-simple\">\r\n\r\n\t<a href=\"https:\/\/www.tourinto.pt\/en\/product\/principal-grande-reserva-tinto-2009\/\" class=\"woocommerce-LoopProduct-link woocommerce-loop-product__link\"><h2 class=\"woocommerce-loop-product__title\">Principal Grande Reserva Tinto 2009<\/h2><div class=\"gg-product-image-wrapper\"><img loading=\"lazy\" decoding=\"async\" width=\"881\" height=\"1400\" src=\"https:\/\/www.tourinto.pt\/wp-content\/uploads\/2026\/08\/Principal-Grande-Reserva-Tinto-2009.webp\" class=\"attachment-woocommerce_thumbnail size-woocommerce_thumbnail\" alt=\"Principal Grande Reserva Tinto, Principal Tinto Bairrada, Vinho Tinto Principal, Principal Vinho Tinto\" srcset=\"https:\/\/www.tourinto.pt\/wp-content\/uploads\/2026\/08\/Principal-Grande-Reserva-Tinto-2009.webp 881w, https:\/\/www.tourinto.pt\/wp-content\/uploads\/2026\/08\/Principal-Grande-Reserva-Tinto-2009-189x300.webp 189w, https:\/\/www.tourinto.pt\/wp-content\/uploads\/2026\/08\/Principal-Grande-Reserva-Tinto-2009-644x1024.webp 644w, https:\/\/www.tourinto.pt\/wp-content\/uploads\/2026\/08\/Principal-Grande-Reserva-Tinto-2009-768x1220.webp 768w, https:\/\/www.tourinto.pt\/wp-content\/uploads\/2026\/08\/Principal-Grande-Reserva-Tinto-2009-8x12.webp 8w\" sizes=\"auto, (max-width: 881px) 100vw, 881px\" \/><\/div><\/a><div class=\"gg-product-meta-wrapper\">\r\n\r\n<dl>\r\n        <dt>\r\n        Ano    <\/dt>\r\n    <dd>\r\n        <span class=\"year\">2009<\/span>\r\n    <\/dd>\r\n    \r\n            <dt>\r\n        Price    <\/dt>\r\n    <dd>\r\n        <span class=\"price\"><span class=\"woocommerce-Price-amount amount\"><bdi>160,00&nbsp;<span class=\"woocommerce-Price-currencySymbol\" translate=\"no\">&euro;<\/span><\/bdi><\/span><\/span>\r\n    <\/dd>\r\n        <\/dl>\r\n<a href=\"\/en\/wp-json\/wp\/v2\/pages\/11614?add-to-cart=17778\" aria-describedby=\"woocommerce_loop_add_to_cart_link_describedby_17778\" data-quantity=\"1\" class=\"button product_type_simple add_to_cart_button ajax_add_to_cart\" data-product_id=\"17778\" data-product_sku=\"75.02.2009\" aria-label=\"Add to basket: &ldquo;Principal Grande Reserva Tinto 2009&rdquo;\" rel=\"nofollow\" data-success_message=\"&ldquo;Principal Grande Reserva Tinto 2009&rdquo; has been added to your basket\" title=\"Minimum qty is 1\" role=\"button\">Add to basket<\/a>\t<span id=\"woocommerce_loop_add_to_cart_link_describedby_17778\" class=\"screen-reader-text\">\n\t\t\t<\/span>\n<\/div>\r\n<\/li>\r\n\r\n<li class=\"col-xs-12 col-sm-6 col-md-4 product type-product post-17776 status-publish first instock product_cat-ready-to-drink-tintos product_cat-vinho-tinto product_cat-blend-tintos product_cat-bairrada product_cat-colinas-de-sao-lourenco product_cat-vinhos-portugal product_cat-tipologia product_cat-regiao product_cat-produtores product_cat-principal product_tag-touriga-nacional product_tag-cabernet-sauvignon product_tag-bairrada product_tag-merlot has-post-thumbnail taxable shipping-taxable purchasable product-type-simple\">\r\n\r\n\t<a href=\"https:\/\/www.tourinto.pt\/en\/product\/principal-grande-reserva-tinto-2010\/\" class=\"woocommerce-LoopProduct-link woocommerce-loop-product__link\"><h2 class=\"woocommerce-loop-product__title\">Principal Grande Reserva Tinto 2010<\/h2><div class=\"gg-product-image-wrapper\"><img loading=\"lazy\" decoding=\"async\" width=\"881\" height=\"1400\" src=\"https:\/\/www.tourinto.pt\/wp-content\/uploads\/2026\/08\/Principal-Grande-Reserva-Tinto-2010.webp\" class=\"attachment-woocommerce_thumbnail size-woocommerce_thumbnail\" alt=\"Principal Grande Reserva Tinto, Principal Tinto Bairrada, Vinho Tinto Principal, Principal Vinho Tinto\" srcset=\"https:\/\/www.tourinto.pt\/wp-content\/uploads\/2026\/08\/Principal-Grande-Reserva-Tinto-2010.webp 881w, https:\/\/www.tourinto.pt\/wp-content\/uploads\/2026\/08\/Principal-Grande-Reserva-Tinto-2010-189x300.webp 189w, https:\/\/www.tourinto.pt\/wp-content\/uploads\/2026\/08\/Principal-Grande-Reserva-Tinto-2010-644x1024.webp 644w, https:\/\/www.tourinto.pt\/wp-content\/uploads\/2026\/08\/Principal-Grande-Reserva-Tinto-2010-768x1220.webp 768w, https:\/\/www.tourinto.pt\/wp-content\/uploads\/2026\/08\/Principal-Grande-Reserva-Tinto-2010-8x12.webp 8w\" sizes=\"auto, (max-width: 881px) 100vw, 881px\" \/><\/div><\/a><div class=\"gg-product-meta-wrapper\">\r\n\r\n<dl>\r\n        <dt>\r\n        Ano    <\/dt>\r\n    <dd>\r\n        <span class=\"year\">2010<\/span>\r\n    <\/dd>\r\n    \r\n            <dt>\r\n        Price    <\/dt>\r\n    <dd>\r\n        <span class=\"price\"><span class=\"woocommerce-Price-amount amount\"><bdi>148,50&nbsp;<span class=\"woocommerce-Price-currencySymbol\" translate=\"no\">&euro;<\/span><\/bdi><\/span><\/span>\r\n    <\/dd>\r\n        <\/dl>\r\n<a href=\"\/en\/wp-json\/wp\/v2\/pages\/11614?add-to-cart=17776\" aria-describedby=\"woocommerce_loop_add_to_cart_link_describedby_17776\" data-quantity=\"1\" class=\"button product_type_simple add_to_cart_button ajax_add_to_cart\" data-product_id=\"17776\" data-product_sku=\"75.02.2010\" aria-label=\"Add to basket: &ldquo;Principal Grande Reserva Tinto 2010&rdquo;\" rel=\"nofollow\" data-success_message=\"&ldquo;Principal Grande Reserva Tinto 2010&rdquo; has been added to your basket\" title=\"Minimum qty is 1\" role=\"button\">Add to basket<\/a>\t<span id=\"woocommerce_loop_add_to_cart_link_describedby_17776\" class=\"screen-reader-text\">\n\t\t\t<\/span>\n<\/div>\r\n<\/li>\r\n\r\n<li class=\"col-xs-12 col-sm-6 col-md-4 product type-product post-17774 status-publish instock product_cat-ready-to-drink-tintos product_cat-vinho-tinto product_cat-blend-tintos product_cat-bairrada product_cat-colinas-de-sao-lourenco product_cat-vinhos-portugal product_cat-tipologia product_cat-regiao product_cat-produtores product_cat-principal product_tag-touriga-nacional product_tag-cabernet-sauvignon product_tag-bairrada product_tag-merlot has-post-thumbnail taxable shipping-taxable purchasable product-type-simple\">\r\n\r\n\t<a href=\"https:\/\/www.tourinto.pt\/en\/product\/principal-grande-reserva-tinto-2011\/\" class=\"woocommerce-LoopProduct-link woocommerce-loop-product__link\"><h2 class=\"woocommerce-loop-product__title\">Principal Grande Reserva Tinto 2011<\/h2><div class=\"gg-product-image-wrapper\"><img loading=\"lazy\" decoding=\"async\" width=\"881\" height=\"1400\" src=\"https:\/\/www.tourinto.pt\/wp-content\/uploads\/2026\/08\/Principal-Grande-Reserva-Tinto-2011.webp\" class=\"attachment-woocommerce_thumbnail size-woocommerce_thumbnail\" alt=\"Principal Grande Reserva Tinto, Principal Tinto Bairrada, Vinho Tinto Principal, Principal Vinho Tinto\" srcset=\"https:\/\/www.tourinto.pt\/wp-content\/uploads\/2026\/08\/Principal-Grande-Reserva-Tinto-2011.webp 881w, https:\/\/www.tourinto.pt\/wp-content\/uploads\/2026\/08\/Principal-Grande-Reserva-Tinto-2011-189x300.webp 189w, https:\/\/www.tourinto.pt\/wp-content\/uploads\/2026\/08\/Principal-Grande-Reserva-Tinto-2011-644x1024.webp 644w, https:\/\/www.tourinto.pt\/wp-content\/uploads\/2026\/08\/Principal-Grande-Reserva-Tinto-2011-768x1220.webp 768w, https:\/\/www.tourinto.pt\/wp-content\/uploads\/2026\/08\/Principal-Grande-Reserva-Tinto-2011-8x12.webp 8w\" sizes=\"auto, (max-width: 881px) 100vw, 881px\" \/><\/div><\/a><div class=\"gg-product-meta-wrapper\">\r\n\r\n<dl>\r\n        <dt>\r\n        Ano    <\/dt>\r\n    <dd>\r\n        <span class=\"year\">2011<\/span>\r\n    <\/dd>\r\n    \r\n            <dt>\r\n        Price    <\/dt>\r\n    <dd>\r\n        <span class=\"price\"><span class=\"woocommerce-Price-amount amount\"><bdi>137,50&nbsp;<span class=\"woocommerce-Price-currencySymbol\" translate=\"no\">&euro;<\/span><\/bdi><\/span><\/span>\r\n    <\/dd>\r\n        <\/dl>\r\n<a href=\"\/en\/wp-json\/wp\/v2\/pages\/11614?add-to-cart=17774\" aria-describedby=\"woocommerce_loop_add_to_cart_link_describedby_17774\" data-quantity=\"1\" class=\"button product_type_simple add_to_cart_button ajax_add_to_cart\" data-product_id=\"17774\" data-product_sku=\"75.02.2011\" aria-label=\"Add to basket: &ldquo;Principal Grande Reserva Tinto 2011&rdquo;\" rel=\"nofollow\" data-success_message=\"&ldquo;Principal Grande Reserva Tinto 2011&rdquo; has been added to your basket\" title=\"Minimum qty is 1\" role=\"button\">Add to basket<\/a>\t<span id=\"woocommerce_loop_add_to_cart_link_describedby_17774\" class=\"screen-reader-text\">\n\t\t\t<\/span>\n<\/div>\r\n<\/li>\r\n\r\n<li class=\"col-xs-12 col-sm-6 col-md-4 product type-product post-11718 status-publish last instock product_cat-ready-to-drink-tintos product_cat-vinho-tinto product_cat-blend-tintos product_cat-bairrada product_cat-colinas-de-sao-lourenco product_cat-vinhos-portugal product_cat-tipologia product_cat-regiao product_cat-produtores product_cat-principal product_tag-touriga-nacional product_tag-cabernet-sauvignon product_tag-bairrada product_tag-merlot has-post-thumbnail taxable shipping-taxable purchasable product-type-simple\">\r\n\r\n\t<a href=\"https:\/\/www.tourinto.pt\/en\/product\/principal-grande-reserva-tinto-2013\/\" class=\"woocommerce-LoopProduct-link woocommerce-loop-product__link\"><h2 class=\"woocommerce-loop-product__title\">Principal Grande Reserva Tinto 2013<\/h2><div class=\"gg-product-image-wrapper\"><img loading=\"lazy\" decoding=\"async\" width=\"881\" height=\"1400\" src=\"https:\/\/www.tourinto.pt\/wp-content\/uploads\/2025\/01\/Principal-Grande-Reserva-Tinto-2013.webp\" class=\"attachment-woocommerce_thumbnail size-woocommerce_thumbnail\" alt=\"Principal Grande Reserva Tinto, Principal Tinto Bairrada, Vinho Tinto Principal, Principal Vinho Tinto\" srcset=\"https:\/\/www.tourinto.pt\/wp-content\/uploads\/2025\/01\/Principal-Grande-Reserva-Tinto-2013.webp 881w, https:\/\/www.tourinto.pt\/wp-content\/uploads\/2025\/01\/Principal-Grande-Reserva-Tinto-2013-189x300.webp 189w, https:\/\/www.tourinto.pt\/wp-content\/uploads\/2025\/01\/Principal-Grande-Reserva-Tinto-2013-644x1024.webp 644w, https:\/\/www.tourinto.pt\/wp-content\/uploads\/2025\/01\/Principal-Grande-Reserva-Tinto-2013-768x1220.webp 768w, https:\/\/www.tourinto.pt\/wp-content\/uploads\/2025\/01\/Principal-Grande-Reserva-Tinto-2013-8x12.webp 8w\" sizes=\"auto, (max-width: 881px) 100vw, 881px\" \/><\/div><\/a><div class=\"berocket_better_labels berocket_better_labels_image\"><div class=\"berocket_better_labels_position berocket_better_labels_position_right\"><div class=\"berocket_better_labels_line berocket_better_labels_line_5\"><div class=\"berocket_better_labels_inline berocket_better_labels_inline_5\"><div class=\"br_alabel br_alabel_type_text br_alabel_template_type_image berocket_alabel_id_9084 berocket-label-user-image br_alabel_better_compatibility\" style=\"\"><span  data-tippy-delay=\"[0,0]\" data-tippy-placement=\"top\" data-tippy-maxWidth=\"300px\" data-tippy-trigger=\"mouseenter\" data-tippy-theme=\"dark\" data-tippy-hideOnClick=\"trigger\" data-tippy-arrow=\"false\" style=\" background: transparent url(&quot;https:\/\/www.tourinto.pt\/wp-content\/uploads\/2024\/02\/RV-95.png&quot;) no-repeat right top\/contain;\" class=\"berocket-label-user-image\"><i style=\"background-color: #f16543; border-color: #f16543;\" class=\"template-span-before \"><\/i><i style=\"background-color: #f16543; border-color: #f16543;\" class=\"template-i \"><\/i><i style=\"background-color: #f16543; border-color: #f16543;\" class=\"template-i-before \"><\/i><i style=\"background-color: #f16543; border-color: #f16543;\" class=\"template-i-after \"><\/i><b style=\"text-align: center;z-index: 100;display: none;\" class=\"br-labels-image br-labels-image-1000\">SALE<\/b><div style='display:none;' class='br_tooltip'><span class='berocket_tooltip_text'>Rev. Vinhos 95<\/span><\/div><\/span><\/div><\/div><\/div><\/div><\/div><div class=\"gg-product-meta-wrapper\">\r\n\r\n<dl>\r\n        <dt>\r\n        Ano    <\/dt>\r\n    <dd>\r\n        <span class=\"year\">2013<\/span>\r\n    <\/dd>\r\n    \r\n            <dt>\r\n        Price    <\/dt>\r\n    <dd>\r\n        <span class=\"price\"><span class=\"woocommerce-Price-amount amount\"><bdi>114,00&nbsp;<span class=\"woocommerce-Price-currencySymbol\" translate=\"no\">&euro;<\/span><\/bdi><\/span><\/span>\r\n    <\/dd>\r\n        <\/dl>\r\n<a href=\"\/en\/wp-json\/wp\/v2\/pages\/11614?add-to-cart=11718\" aria-describedby=\"woocommerce_loop_add_to_cart_link_describedby_11718\" data-quantity=\"1\" class=\"button product_type_simple add_to_cart_button ajax_add_to_cart\" data-product_id=\"11718\" data-product_sku=\"75.02.2013\" aria-label=\"Add to basket: &ldquo;Principal Grande Reserva Tinto 2013&rdquo;\" rel=\"nofollow\" data-success_message=\"&ldquo;Principal Grande Reserva Tinto 2013&rdquo; has been added to your basket\" title=\"Minimum qty is 1\" role=\"button\">Add to basket<\/a>\t<span id=\"woocommerce_loop_add_to_cart_link_describedby_11718\" class=\"screen-reader-text\">\n\t\t\t<\/span>\n<\/div>\r\n<\/li>\r\n\r\n<li class=\"col-xs-12 col-sm-6 col-md-4 product type-product post-17768 status-publish first instock product_cat-ready-to-drink-tintos product_cat-vinho-tinto product_cat-blend-tintos product_cat-bairrada product_cat-colinas-de-sao-lourenco product_cat-vinhos-portugal product_cat-tipologia product_cat-regiao product_cat-produtores product_cat-principal product_tag-touriga-nacional product_tag-cabernet-sauvignon product_tag-bairrada product_tag-merlot has-post-thumbnail taxable shipping-taxable purchasable product-type-simple\">\r\n\r\n\t<a href=\"https:\/\/www.tourinto.pt\/en\/product\/principal-grande-reserva-tinto-2014\/\" class=\"woocommerce-LoopProduct-link woocommerce-loop-product__link\"><h2 class=\"woocommerce-loop-product__title\">Principal Grande Reserva Tinto 2014<\/h2><div class=\"gg-product-image-wrapper\"><img loading=\"lazy\" decoding=\"async\" width=\"881\" height=\"1400\" src=\"https:\/\/www.tourinto.pt\/wp-content\/uploads\/2026\/08\/Principal-Grande-Reserva-Tinto-2014.webp\" class=\"attachment-woocommerce_thumbnail size-woocommerce_thumbnail\" alt=\"Principal Grande Reserva Tinto, Principal Tinto Bairrada, Vinho Tinto Principal, Principal Vinho Tinto\" srcset=\"https:\/\/www.tourinto.pt\/wp-content\/uploads\/2026\/08\/Principal-Grande-Reserva-Tinto-2014.webp 881w, https:\/\/www.tourinto.pt\/wp-content\/uploads\/2026\/08\/Principal-Grande-Reserva-Tinto-2014-189x300.webp 189w, https:\/\/www.tourinto.pt\/wp-content\/uploads\/2026\/08\/Principal-Grande-Reserva-Tinto-2014-644x1024.webp 644w, https:\/\/www.tourinto.pt\/wp-content\/uploads\/2026\/08\/Principal-Grande-Reserva-Tinto-2014-768x1220.webp 768w, https:\/\/www.tourinto.pt\/wp-content\/uploads\/2026\/08\/Principal-Grande-Reserva-Tinto-2014-8x12.webp 8w\" sizes=\"auto, (max-width: 881px) 100vw, 881px\" \/><\/div><\/a><div class=\"gg-product-meta-wrapper\">\r\n\r\n<dl>\r\n        <dt>\r\n        Ano    <\/dt>\r\n    <dd>\r\n        <span class=\"year\">2014<\/span>\r\n    <\/dd>\r\n    \r\n            <dt>\r\n        Price    <\/dt>\r\n    <dd>\r\n        <span class=\"price\"><span class=\"woocommerce-Price-amount amount\"><bdi>114,00&nbsp;<span class=\"woocommerce-Price-currencySymbol\" translate=\"no\">&euro;<\/span><\/bdi><\/span><\/span>\r\n    <\/dd>\r\n        <\/dl>\r\n<a href=\"\/en\/wp-json\/wp\/v2\/pages\/11614?add-to-cart=17768\" aria-describedby=\"woocommerce_loop_add_to_cart_link_describedby_17768\" data-quantity=\"1\" class=\"button product_type_simple add_to_cart_button ajax_add_to_cart\" data-product_id=\"17768\" data-product_sku=\"75.02.2014\" aria-label=\"Add to basket: &ldquo;Principal Grande Reserva Tinto 2014&rdquo;\" rel=\"nofollow\" data-success_message=\"&ldquo;Principal Grande Reserva Tinto 2014&rdquo; has been added to your basket\" title=\"Minimum qty is 1\" role=\"button\">Add to basket<\/a>\t<span id=\"woocommerce_loop_add_to_cart_link_describedby_17768\" class=\"screen-reader-text\">\n\t\t\t<\/span>\n<\/div>\r\n<\/li>\r\n\r\n<li class=\"col-xs-12 col-sm-6 col-md-4 product type-product post-6756 status-publish instock product_cat-ready-to-drink-tintos product_cat-vinho-tinto product_cat-bairrada product_cat-colinas-de-sao-lourenco product_cat-vinhos-portugal product_cat-tipologia product_cat-regiao product_cat-produtores product_cat-quinta-da-curia product_tag-touriga-nacional product_tag-cabernet-sauvignon product_tag-bairrada product_tag-tinto product_tag-merlot has-post-thumbnail taxable shipping-taxable purchasable product-type-simple\">\r\n\r\n\t<a href=\"https:\/\/www.tourinto.pt\/en\/product\/quinta-da-curia-clefs-dor\/\" class=\"woocommerce-LoopProduct-link woocommerce-loop-product__link\"><h2 class=\"woocommerce-loop-product__title\">Quinta da Curia Clefs D`or 2014<\/h2><div class=\"gg-product-image-wrapper\"><img loading=\"lazy\" decoding=\"async\" width=\"881\" height=\"1400\" src=\"https:\/\/www.tourinto.pt\/wp-content\/uploads\/2023\/07\/Clefs-Dor-Tinto.webp\" class=\"attachment-woocommerce_thumbnail size-woocommerce_thumbnail\" alt=\"Quinta da Curia Tinto, Clefs D\u00b4or Tinto, Vinho Tinto Clefs D~or, Quinta da Curia Tinto Bairrada\" srcset=\"https:\/\/www.tourinto.pt\/wp-content\/uploads\/2023\/07\/Clefs-Dor-Tinto.webp 881w, https:\/\/www.tourinto.pt\/wp-content\/uploads\/2023\/07\/Clefs-Dor-Tinto-189x300.webp 189w, https:\/\/www.tourinto.pt\/wp-content\/uploads\/2023\/07\/Clefs-Dor-Tinto-644x1024.webp 644w, https:\/\/www.tourinto.pt\/wp-content\/uploads\/2023\/07\/Clefs-Dor-Tinto-768x1220.webp 768w, https:\/\/www.tourinto.pt\/wp-content\/uploads\/2023\/07\/Clefs-Dor-Tinto-8x12.webp 8w\" sizes=\"auto, (max-width: 881px) 100vw, 881px\" \/><\/div><\/a><div class=\"berocket_better_labels berocket_better_labels_image\"><div class=\"berocket_better_labels_position berocket_better_labels_position_right\"><div class=\"berocket_better_labels_line berocket_better_labels_line_5\"><div class=\"berocket_better_labels_inline berocket_better_labels_inline_5\"><div class=\"br_alabel br_alabel_type_text br_alabel_template_type_image berocket_alabel_id_9089 berocket-label-user-image br_alabel_better_compatibility\" style=\"\"><span  data-tippy-delay=\"[0,0]\" data-tippy-placement=\"top\" data-tippy-maxWidth=\"300px\" data-tippy-trigger=\"mouseenter\" data-tippy-theme=\"dark\" data-tippy-hideOnClick=\"trigger\" data-tippy-arrow=\"false\" style=\" background: transparent url(&quot;https:\/\/www.tourinto.pt\/wp-content\/uploads\/2024\/02\/RV-93.png&quot;) no-repeat right top\/contain;\" class=\"berocket-label-user-image\"><i style=\"background-color: #f16543; border-color: #f16543;\" class=\"template-span-before \"><\/i><i style=\"background-color: #f16543; border-color: #f16543;\" class=\"template-i \"><\/i><i style=\"background-color: #f16543; border-color: #f16543;\" class=\"template-i-before \"><\/i><i style=\"background-color: #f16543; border-color: #f16543;\" class=\"template-i-after \"><\/i><b style=\"text-align: center;z-index: 100;display: none;\" class=\"br-labels-image br-labels-image-1000\">SALE<\/b><div style='display:none;' class='br_tooltip'><span class='berocket_tooltip_text'>Rev. Vinhos 93<\/span><\/div><\/span><\/div><\/div><\/div><\/div><\/div><div class=\"gg-product-meta-wrapper\">\r\n\r\n<dl>\r\n        <dt>\r\n        Ano    <\/dt>\r\n    <dd>\r\n        <span class=\"year\">2014<\/span>\r\n    <\/dd>\r\n    \r\n            <dt>\r\n        Price    <\/dt>\r\n    <dd>\r\n        <span class=\"price\"><span class=\"woocommerce-Price-amount amount\"><bdi>46,60&nbsp;<span class=\"woocommerce-Price-currencySymbol\" translate=\"no\">&euro;<\/span><\/bdi><\/span><\/span>\r\n    <\/dd>\r\n        <\/dl>\r\n<a href=\"\/en\/wp-json\/wp\/v2\/pages\/11614?add-to-cart=6756\" aria-describedby=\"woocommerce_loop_add_to_cart_link_describedby_6756\" data-quantity=\"1\" class=\"button product_type_simple add_to_cart_button ajax_add_to_cart\" data-product_id=\"6756\" data-product_sku=\"75.10.2014\" aria-label=\"Add to basket: &ldquo;Quinta da Curia Clefs D`or 2014&rdquo;\" rel=\"nofollow\" data-success_message=\"&ldquo;Quinta da Curia Clefs D`or 2014&rdquo; has been added to your basket\" title=\"Minimum qty is 1\" role=\"button\">Add to basket<\/a>\t<span id=\"woocommerce_loop_add_to_cart_link_describedby_6756\" class=\"screen-reader-text\">\n\t\t\t<\/span>\n<\/div>\r\n<\/li>\r\n\r\n<li class=\"col-xs-12 col-sm-6 col-md-4 product type-product post-11408 status-publish last instock product_cat-blend-tintos product_cat-grandes-formatos product_cat-bairrada product_cat-colinas-de-sao-lourenco product_cat-vinhos-portugal product_cat-tipologia product_cat-regiao product_cat-produtores product_cat-principal product_tag-bairrada product_tag-chardonnay product_tag-sauvignon-blanc has-post-thumbnail taxable shipping-taxable purchasable product-type-simple\">\r\n\r\n\t<a href=\"https:\/\/www.tourinto.pt\/en\/product\/principal-branco-magnum\/\" class=\"woocommerce-LoopProduct-link woocommerce-loop-product__link\"><h2 class=\"woocommerce-loop-product__title\">Principal Grande Reserva Branco 2016 Magnum<\/h2><div class=\"gg-product-image-wrapper\"><img loading=\"lazy\" decoding=\"async\" width=\"881\" height=\"1400\" src=\"https:\/\/www.tourinto.pt\/wp-content\/uploads\/2023\/07\/Principal-Grande-Reserva-Branco.webp\" class=\"attachment-woocommerce_thumbnail size-woocommerce_thumbnail\" alt=\"Principal Vinho Branco, Principal Bairrada Branco, Principal Reserva Branco, Vinho Principal Reserva\" srcset=\"https:\/\/www.tourinto.pt\/wp-content\/uploads\/2023\/07\/Principal-Grande-Reserva-Branco.webp 881w, https:\/\/www.tourinto.pt\/wp-content\/uploads\/2023\/07\/Principal-Grande-Reserva-Branco-189x300.webp 189w, https:\/\/www.tourinto.pt\/wp-content\/uploads\/2023\/07\/Principal-Grande-Reserva-Branco-644x1024.webp 644w, https:\/\/www.tourinto.pt\/wp-content\/uploads\/2023\/07\/Principal-Grande-Reserva-Branco-768x1220.webp 768w, https:\/\/www.tourinto.pt\/wp-content\/uploads\/2023\/07\/Principal-Grande-Reserva-Branco-8x12.webp 8w\" sizes=\"auto, (max-width: 881px) 100vw, 881px\" \/><\/div><\/a><div class=\"berocket_better_labels berocket_better_labels_image\"><div class=\"berocket_better_labels_position berocket_better_labels_position_right\"><div class=\"berocket_better_labels_line berocket_better_labels_line_5\"><div class=\"berocket_better_labels_inline berocket_better_labels_inline_5\"><div class=\"br_alabel br_alabel_type_text br_alabel_template_type_image berocket_alabel_id_9083 berocket-label-user-image br_alabel_better_compatibility\" style=\"\"><span  data-tippy-delay=\"[0,0]\" data-tippy-placement=\"top\" data-tippy-maxWidth=\"300px\" data-tippy-trigger=\"mouseenter\" data-tippy-theme=\"dark\" data-tippy-hideOnClick=\"trigger\" data-tippy-arrow=\"false\" style=\" background: transparent url(&quot;https:\/\/www.tourinto.pt\/wp-content\/uploads\/2024\/02\/RV-96.png&quot;) no-repeat right top\/contain;\" class=\"berocket-label-user-image\"><i style=\"background-color: #f16543; border-color: #f16543;\" class=\"template-span-before \"><\/i><i style=\"background-color: #f16543; border-color: #f16543;\" class=\"template-i \"><\/i><i style=\"background-color: #f16543; border-color: #f16543;\" class=\"template-i-before \"><\/i><i style=\"background-color: #f16543; border-color: #f16543;\" class=\"template-i-after \"><\/i><b style=\"text-align: center;z-index: 100;display: none;\" class=\"br-labels-image br-labels-image-1000\">SALE<\/b><div style='display:none;' class='br_tooltip'><span class='berocket_tooltip_text'>Rev. Vinhos 96<\/span><\/div><\/span><\/div><\/div><\/div><\/div><\/div><div class=\"gg-product-meta-wrapper\">\r\n\r\n<dl>\r\n        <dt>\r\n        Ano    <\/dt>\r\n    <dd>\r\n        <span class=\"year\">2016<\/span>\r\n    <\/dd>\r\n    \r\n            <dt>\r\n        Price    <\/dt>\r\n    <dd>\r\n        <span class=\"price\"><span class=\"woocommerce-Price-amount amount\"><bdi>125,00&nbsp;<span class=\"woocommerce-Price-currencySymbol\" translate=\"no\">&euro;<\/span><\/bdi><\/span><\/span>\r\n    <\/dd>\r\n        <\/dl>\r\n<a href=\"\/en\/wp-json\/wp\/v2\/pages\/11614?add-to-cart=11408\" aria-describedby=\"woocommerce_loop_add_to_cart_link_describedby_11408\" data-quantity=\"1\" class=\"button product_type_simple add_to_cart_button ajax_add_to_cart\" data-product_id=\"11408\" data-product_sku=\"75.05.2016\" aria-label=\"Add to basket: &ldquo;Principal Grande Reserva Branco 2016 Magnum&rdquo;\" rel=\"nofollow\" data-success_message=\"&ldquo;Principal Grande Reserva Branco 2016 Magnum&rdquo; has been added to your basket\" title=\"Minimum qty is 1\" role=\"button\">Add to basket<\/a>\t<span id=\"woocommerce_loop_add_to_cart_link_describedby_11408\" class=\"screen-reader-text\">\n\t\t\t<\/span>\n<\/div>\r\n<\/li>\r\n\r\n<li class=\"col-xs-12 col-sm-6 col-md-4 product type-product post-11407 status-publish first instock product_cat-ready-to-drink-tintos product_cat-blend-tintos product_cat-grandes-formatos product_cat-bairrada product_cat-colinas-de-sao-lourenco product_cat-vinhos-portugal product_cat-tipologia product_cat-regiao product_cat-produtores product_cat-principal product_tag-touriga-nacional product_tag-cabernet-sauvignon product_tag-bairrada product_tag-merlot has-post-thumbnail taxable shipping-taxable purchasable product-type-simple\">\r\n\r\n\t<a href=\"https:\/\/www.tourinto.pt\/en\/product\/principal-tinto-magnum\/\" class=\"woocommerce-LoopProduct-link woocommerce-loop-product__link\"><h2 class=\"woocommerce-loop-product__title\">Principal Grande Reserva Tinto 2012 Magnum<\/h2><div class=\"gg-product-image-wrapper\"><img loading=\"lazy\" decoding=\"async\" width=\"881\" height=\"1400\" src=\"https:\/\/www.tourinto.pt\/wp-content\/uploads\/2024\/12\/Principal-Grande-Reserva-Tinto-2012.webp\" class=\"attachment-woocommerce_thumbnail size-woocommerce_thumbnail\" alt=\"Principal Bairrada, Vinho Princioal, Principal Vinho Tinto, Principal Reserva Tinto\" srcset=\"https:\/\/www.tourinto.pt\/wp-content\/uploads\/2024\/12\/Principal-Grande-Reserva-Tinto-2012.webp 881w, https:\/\/www.tourinto.pt\/wp-content\/uploads\/2024\/12\/Principal-Grande-Reserva-Tinto-2012-189x300.webp 189w, https:\/\/www.tourinto.pt\/wp-content\/uploads\/2024\/12\/Principal-Grande-Reserva-Tinto-2012-644x1024.webp 644w, https:\/\/www.tourinto.pt\/wp-content\/uploads\/2024\/12\/Principal-Grande-Reserva-Tinto-2012-768x1220.webp 768w, https:\/\/www.tourinto.pt\/wp-content\/uploads\/2024\/12\/Principal-Grande-Reserva-Tinto-2012-8x12.webp 8w\" sizes=\"auto, (max-width: 881px) 100vw, 881px\" \/><\/div><\/a><div class=\"berocket_better_labels berocket_better_labels_image\"><div class=\"berocket_better_labels_position berocket_better_labels_position_right\"><div class=\"berocket_better_labels_line berocket_better_labels_line_5\"><div class=\"berocket_better_labels_inline berocket_better_labels_inline_5\"><div class=\"br_alabel br_alabel_type_text br_alabel_template_type_image berocket_alabel_id_5536 berocket-label-user-image br_alabel_better_compatibility\" style=\"\"><span  data-tippy-delay=\"[0,0]\" data-tippy-placement=\"top\" data-tippy-maxWidth=\"300px\" data-tippy-trigger=\"mouseenter\" data-tippy-theme=\"dark\" data-tippy-hideOnClick=\"trigger\" data-tippy-arrow=\"false\" style=\" background: transparent url(&quot;https:\/\/www.tourinto.pt\/wp-content\/uploads\/2023\/04\/Rev-Vinhos-185.webp&quot;) no-repeat right top\/contain;\" class=\"berocket-label-user-image\"><i style=\"background-color: #f16543; border-color: #f16543;\" class=\"template-span-before \"><\/i><i style=\"background-color: #f16543; border-color: #f16543;\" class=\"template-i \"><\/i><i style=\"background-color: #f16543; border-color: #f16543;\" class=\"template-i-before \"><\/i><i style=\"background-color: #f16543; border-color: #f16543;\" class=\"template-i-after \"><\/i><b style=\"text-align: center;z-index: 100;display: none;\" class=\"br-labels-image br-labels-image-1000\">SALE<\/b><div style='display:none;' class='br_tooltip'><span class='berocket_tooltip_text'>Rev. Vinhos 18,5<\/span><\/div><\/span><\/div><\/div><\/div><div class=\"berocket_better_labels_line berocket_better_labels_line_6\"><div class=\"berocket_better_labels_inline berocket_better_labels_inline_6\"><div class=\"br_alabel br_alabel_type_text br_alabel_template_type_image berocket_alabel_id_5545 berocket-label-user-image br_alabel_better_compatibility\" style=\"\"><span  data-tippy-delay=\"[0,0]\" data-tippy-placement=\"top\" data-tippy-maxWidth=\"300px\" data-tippy-trigger=\"mouseenter\" data-tippy-theme=\"dark\" data-tippy-hideOnClick=\"trigger\" data-tippy-arrow=\"false\" style=\" background: transparent url(&quot;https:\/\/www.tourinto.pt\/wp-content\/uploads\/2024\/02\/Escolha-18.png&quot;) no-repeat right top\/contain;\" class=\"berocket-label-user-image\"><i style=\"background-color: #f16543; border-color: #f16543;\" class=\"template-span-before \"><\/i><i style=\"background-color: #f16543; border-color: #f16543;\" class=\"template-i \"><\/i><i style=\"background-color: #f16543; border-color: #f16543;\" class=\"template-i-before \"><\/i><i style=\"background-color: #f16543; border-color: #f16543;\" class=\"template-i-after \"><\/i><b style=\"text-align: center;z-index: 100;display: none;\" class=\"br-labels-image br-labels-image-1000\">SALE<\/b><div style='display:none;' class='br_tooltip'><span class='berocket_tooltip_text'>Grand. Escolhas 18<\/span><\/div><\/span><\/div><\/div><\/div><\/div><\/div><div class=\"gg-product-meta-wrapper\">\r\n\r\n<dl>\r\n        <dt>\r\n        Ano    <\/dt>\r\n    <dd>\r\n        <span class=\"year\">2012<\/span>\r\n    <\/dd>\r\n    \r\n            <dt>\r\n        Price    <\/dt>\r\n    <dd>\r\n        <span class=\"price\"><span class=\"woocommerce-Price-amount amount\"><bdi>275,00&nbsp;<span class=\"woocommerce-Price-currencySymbol\" translate=\"no\">&euro;<\/span><\/bdi><\/span><\/span>\r\n    <\/dd>\r\n        <\/dl>\r\n<a href=\"\/en\/wp-json\/wp\/v2\/pages\/11614?add-to-cart=11407\" aria-describedby=\"woocommerce_loop_add_to_cart_link_describedby_11407\" data-quantity=\"1\" class=\"button product_type_simple add_to_cart_button ajax_add_to_cart\" data-product_id=\"11407\" data-product_sku=\"75.09.2012\" aria-label=\"Add to basket: &ldquo;Principal Grande Reserva Tinto 2012 Magnum&rdquo;\" rel=\"nofollow\" data-success_message=\"&ldquo;Principal Grande Reserva Tinto 2012 Magnum&rdquo; has been added to your basket\" title=\"Minimum qty is 1\" role=\"button\">Add to basket<\/a>\t<span id=\"woocommerce_loop_add_to_cart_link_describedby_11407\" class=\"screen-reader-text\">\n\t\t\t<\/span>\n<\/div>\r\n<\/li>\r\n\r\n<li class=\"col-xs-12 col-sm-6 col-md-4 product type-product post-11409 status-publish instock product_cat-grandes-formatos product_cat-bairrada product_cat-colinas-de-sao-lourenco product_cat-vinhos-portugal product_cat-tipologia product_cat-regiao product_cat-produtores product_cat-pinot-noir product_cat-principal product_tag-bairrada product_tag-pinot-noir has-post-thumbnail taxable shipping-taxable purchasable product-type-simple\">\r\n\r\n\t<a href=\"https:\/\/www.tourinto.pt\/en\/product\/principal-rose-magnum\/\" class=\"woocommerce-LoopProduct-link woocommerce-loop-product__link\"><h2 class=\"woocommerce-loop-product__title\">Principal Ros\u00e9 T\u00eate de Cuv\u00e8e 2019 Magnum<\/h2><div class=\"gg-product-image-wrapper\"><img loading=\"lazy\" decoding=\"async\" width=\"881\" height=\"1400\" src=\"https:\/\/www.tourinto.pt\/wp-content\/uploads\/2024\/12\/Principal-Rose.webp\" class=\"attachment-woocommerce_thumbnail size-woocommerce_thumbnail\" alt=\"Principal Ros\u00e9, Principal Vinho Ros\u00e9 Principal Pinot Noir, Vinho Principal Magnum, Principal Magnum, Principal Bairrada Ros\u00e9\" srcset=\"https:\/\/www.tourinto.pt\/wp-content\/uploads\/2024\/12\/Principal-Rose.webp 881w, https:\/\/www.tourinto.pt\/wp-content\/uploads\/2024\/12\/Principal-Rose-189x300.webp 189w, https:\/\/www.tourinto.pt\/wp-content\/uploads\/2024\/12\/Principal-Rose-644x1024.webp 644w, https:\/\/www.tourinto.pt\/wp-content\/uploads\/2024\/12\/Principal-Rose-768x1220.webp 768w, https:\/\/www.tourinto.pt\/wp-content\/uploads\/2024\/12\/Principal-Rose-8x12.webp 8w\" sizes=\"auto, (max-width: 881px) 100vw, 881px\" \/><\/div><\/a><div class=\"berocket_better_labels berocket_better_labels_image\"><div class=\"berocket_better_labels_position berocket_better_labels_position_right\"><div class=\"berocket_better_labels_line berocket_better_labels_line_5\"><div class=\"berocket_better_labels_inline berocket_better_labels_inline_5\"><div class=\"br_alabel br_alabel_type_text br_alabel_template_type_image berocket_alabel_id_9085 berocket-label-user-image br_alabel_better_compatibility\" style=\"\"><span  data-tippy-delay=\"[0,0]\" data-tippy-placement=\"top\" data-tippy-maxWidth=\"300px\" data-tippy-trigger=\"mouseenter\" data-tippy-theme=\"dark\" data-tippy-hideOnClick=\"trigger\" data-tippy-arrow=\"false\" style=\" background: transparent url(&quot;https:\/\/www.tourinto.pt\/wp-content\/uploads\/2024\/02\/RV-94.png&quot;) no-repeat right top\/contain;\" class=\"berocket-label-user-image\"><i style=\"background-color: #f16543; border-color: #f16543;\" class=\"template-span-before \"><\/i><i style=\"background-color: #f16543; border-color: #f16543;\" class=\"template-i \"><\/i><i style=\"background-color: #f16543; border-color: #f16543;\" class=\"template-i-before \"><\/i><i style=\"background-color: #f16543; border-color: #f16543;\" class=\"template-i-after \"><\/i><b style=\"text-align: center;z-index: 100;display: none;\" class=\"br-labels-image br-labels-image-1000\">SALE<\/b><div style='display:none;' class='br_tooltip'><span class='berocket_tooltip_text'>Rev. Vinhos 94<\/span><\/div><\/span><\/div><\/div><\/div><div class=\"berocket_better_labels_line berocket_better_labels_line_6\"><div class=\"berocket_better_labels_inline berocket_better_labels_inline_6\"><div class=\"br_alabel br_alabel_type_text br_alabel_template_type_image berocket_alabel_id_5545 berocket-label-user-image br_alabel_better_compatibility\" style=\"\"><span  data-tippy-delay=\"[0,0]\" data-tippy-placement=\"top\" data-tippy-maxWidth=\"300px\" data-tippy-trigger=\"mouseenter\" data-tippy-theme=\"dark\" data-tippy-hideOnClick=\"trigger\" data-tippy-arrow=\"false\" style=\" background: transparent url(&quot;https:\/\/www.tourinto.pt\/wp-content\/uploads\/2024\/02\/Escolha-18.png&quot;) no-repeat right top\/contain;\" class=\"berocket-label-user-image\"><i style=\"background-color: #f16543; border-color: #f16543;\" class=\"template-span-before \"><\/i><i style=\"background-color: #f16543; border-color: #f16543;\" class=\"template-i \"><\/i><i style=\"background-color: #f16543; border-color: #f16543;\" class=\"template-i-before \"><\/i><i style=\"background-color: #f16543; border-color: #f16543;\" class=\"template-i-after \"><\/i><b style=\"text-align: center;z-index: 100;display: none;\" class=\"br-labels-image br-labels-image-1000\">SALE<\/b><div style='display:none;' class='br_tooltip'><span class='berocket_tooltip_text'>Grand. Escolhas 18<\/span><\/div><\/span><\/div><\/div><\/div><\/div><\/div><div class=\"gg-product-meta-wrapper\">\r\n\r\n<dl>\r\n        <dt>\r\n        Ano    <\/dt>\r\n    <dd>\r\n        <span class=\"year\">2019<\/span>\r\n    <\/dd>\r\n    \r\n            <dt>\r\n        Price    <\/dt>\r\n    <dd>\r\n        <span class=\"price\"><span class=\"woocommerce-Price-amount amount\"><bdi>125,00&nbsp;<span class=\"woocommerce-Price-currencySymbol\" translate=\"no\">&euro;<\/span><\/bdi><\/span><\/span>\r\n    <\/dd>\r\n        <\/dl>\r\n<a href=\"\/en\/wp-json\/wp\/v2\/pages\/11614?add-to-cart=11409\" aria-describedby=\"woocommerce_loop_add_to_cart_link_describedby_11409\" data-quantity=\"1\" class=\"button product_type_simple add_to_cart_button ajax_add_to_cart\" data-product_id=\"11409\" data-product_sku=\"75.06.2019\" aria-label=\"Add to basket: &ldquo;Principal Ros\u00e9 T\u00eate de Cuv\u00e8e 2019 Magnum&rdquo;\" rel=\"nofollow\" data-success_message=\"&ldquo;Principal Ros\u00e9 T\u00eate de Cuv\u00e8e 2019 Magnum&rdquo; has been added to your basket\" title=\"Minimum qty is 1\" role=\"button\">Add to basket<\/a>\t<span id=\"woocommerce_loop_add_to_cart_link_describedby_11409\" class=\"screen-reader-text\">\n\t\t\t<\/span>\n<\/div>\r\n<\/li>\r\n\r\n<li class=\"col-xs-12 col-sm-6 col-md-4 product type-product post-11410 status-publish last onbackorder product_cat-ready-to-drink-tintos product_cat-grandes-formatos product_cat-bairrada product_cat-colinas-de-sao-lourenco product_cat-vinhos-portugal product_cat-tipologia product_cat-regiao product_cat-produtores product_cat-quinta-da-curia product_tag-touriga-nacional product_tag-cabernet-sauvignon product_tag-bairrada product_tag-tinto product_tag-merlot has-post-thumbnail taxable shipping-taxable purchasable product-type-simple\">\r\n\r\n\t<a href=\"https:\/\/www.tourinto.pt\/en\/product\/quinta-da-curia-clefs-dor-magnum\/\" class=\"woocommerce-LoopProduct-link woocommerce-loop-product__link\"><h2 class=\"woocommerce-loop-product__title\">Quinta da Curia Clefs D`or 2014 Magnum<\/h2><div class=\"gg-product-image-wrapper\"><img loading=\"lazy\" decoding=\"async\" width=\"881\" height=\"1400\" src=\"https:\/\/www.tourinto.pt\/wp-content\/uploads\/2023\/07\/Clefs-Dor-Tinto.webp\" class=\"attachment-woocommerce_thumbnail size-woocommerce_thumbnail\" alt=\"Quinta da Curia Tinto, Clefs D\u00b4or Tinto, Vinho Tinto Clefs D~or, Quinta da Curia Tinto Bairrada\" srcset=\"https:\/\/www.tourinto.pt\/wp-content\/uploads\/2023\/07\/Clefs-Dor-Tinto.webp 881w, https:\/\/www.tourinto.pt\/wp-content\/uploads\/2023\/07\/Clefs-Dor-Tinto-189x300.webp 189w, https:\/\/www.tourinto.pt\/wp-content\/uploads\/2023\/07\/Clefs-Dor-Tinto-644x1024.webp 644w, https:\/\/www.tourinto.pt\/wp-content\/uploads\/2023\/07\/Clefs-Dor-Tinto-768x1220.webp 768w, https:\/\/www.tourinto.pt\/wp-content\/uploads\/2023\/07\/Clefs-Dor-Tinto-8x12.webp 8w\" sizes=\"auto, (max-width: 881px) 100vw, 881px\" \/><\/div><\/a><div class=\"berocket_better_labels berocket_better_labels_image\"><div class=\"berocket_better_labels_position berocket_better_labels_position_right\"><div class=\"berocket_better_labels_line berocket_better_labels_line_5\"><div class=\"berocket_better_labels_inline berocket_better_labels_inline_5\"><div class=\"br_alabel br_alabel_type_text br_alabel_template_type_image berocket_alabel_id_9089 berocket-label-user-image br_alabel_better_compatibility\" style=\"\"><span  data-tippy-delay=\"[0,0]\" data-tippy-placement=\"top\" data-tippy-maxWidth=\"300px\" data-tippy-trigger=\"mouseenter\" data-tippy-theme=\"dark\" data-tippy-hideOnClick=\"trigger\" data-tippy-arrow=\"false\" style=\" background: transparent url(&quot;https:\/\/www.tourinto.pt\/wp-content\/uploads\/2024\/02\/RV-93.png&quot;) no-repeat right top\/contain;\" class=\"berocket-label-user-image\"><i style=\"background-color: #f16543; border-color: #f16543;\" class=\"template-span-before \"><\/i><i style=\"background-color: #f16543; border-color: #f16543;\" class=\"template-i \"><\/i><i style=\"background-color: #f16543; border-color: #f16543;\" class=\"template-i-before \"><\/i><i style=\"background-color: #f16543; border-color: #f16543;\" class=\"template-i-after \"><\/i><b style=\"text-align: center;z-index: 100;display: none;\" class=\"br-labels-image br-labels-image-1000\">SALE<\/b><div style='display:none;' class='br_tooltip'><span class='berocket_tooltip_text'>Rev. Vinhos 93<\/span><\/div><\/span><\/div><\/div><\/div><\/div><\/div><div class=\"gg-product-meta-wrapper\">\r\n\r\n<dl>\r\n        <dt>\r\n        Ano    <\/dt>\r\n    <dd>\r\n        <span class=\"year\">2014<\/span>\r\n    <\/dd>\r\n    \r\n            <dt>\r\n        Price    <\/dt>\r\n    <dd>\r\n        <span class=\"price\"><span class=\"woocommerce-Price-amount amount\"><bdi>110,00&nbsp;<span class=\"woocommerce-Price-currencySymbol\" translate=\"no\">&euro;<\/span><\/bdi><\/span><\/span>\r\n    <\/dd>\r\n        <\/dl>\r\n<a href=\"\/en\/wp-json\/wp\/v2\/pages\/11614?add-to-cart=11410\" aria-describedby=\"woocommerce_loop_add_to_cart_link_describedby_11410\" data-quantity=\"1\" class=\"button product_type_simple add_to_cart_button ajax_add_to_cart\" data-product_id=\"11410\" data-product_sku=\"75.11.2014\" aria-label=\"Add to basket: &ldquo;Quinta da Curia Clefs D`or 2014 Magnum&rdquo;\" rel=\"nofollow\" data-success_message=\"&ldquo;Quinta da Curia Clefs D`or 2014 Magnum&rdquo; has been added to your basket\" title=\"Minimum qty is 1\" role=\"button\">Add to basket<\/a>\t<span id=\"woocommerce_loop_add_to_cart_link_describedby_11410\" class=\"screen-reader-text\">\n\t\t\t<\/span>\n<\/div>\r\n<\/li>\r\n\r\n<li class=\"col-xs-12 col-sm-6 col-md-4 product type-product post-8571 status-publish first outofstock product_cat-espumante product_cat-vinhos-espumantes product_cat-bairrada product_cat-colinas-de-sao-lourenco product_cat-vinhos-portugal product_cat-pequenos-produtores product_cat-tipologia product_cat-regiao product_cat-produtores product_tag-bical product_tag-bairrada product_tag-chardonnay product_tag-espumante has-post-thumbnail taxable shipping-taxable purchasable product-type-simple\">\r\n\r\n\t<a href=\"https:\/\/www.tourinto.pt\/en\/product\/colinas-espumante-blanc-de-blancs\/\" class=\"woocommerce-LoopProduct-link woocommerce-loop-product__link\"><h2 class=\"woocommerce-loop-product__title\">Espumante Colinas Blanc de Blancs<\/h2><div class=\"gg-product-image-wrapper\"><span class=\"soldout\">Sold Out!<\/span><img loading=\"lazy\" decoding=\"async\" width=\"881\" height=\"1400\" src=\"https:\/\/www.tourinto.pt\/wp-content\/uploads\/2023\/12\/Colinas-Brut-Reserve-Blanc-des-Blanc.png\" class=\"attachment-woocommerce_thumbnail size-woocommerce_thumbnail\" alt=\"Colinas Espumante Branco, Colinas Espumante Chardonnay, Colinas Espumante Bruto\" srcset=\"https:\/\/www.tourinto.pt\/wp-content\/uploads\/2023\/12\/Colinas-Brut-Reserve-Blanc-des-Blanc.png 881w, https:\/\/www.tourinto.pt\/wp-content\/uploads\/2023\/12\/Colinas-Brut-Reserve-Blanc-des-Blanc-189x300.png 189w, https:\/\/www.tourinto.pt\/wp-content\/uploads\/2023\/12\/Colinas-Brut-Reserve-Blanc-des-Blanc-644x1024.png 644w, https:\/\/www.tourinto.pt\/wp-content\/uploads\/2023\/12\/Colinas-Brut-Reserve-Blanc-des-Blanc-768x1220.png 768w, https:\/\/www.tourinto.pt\/wp-content\/uploads\/2023\/12\/Colinas-Brut-Reserve-Blanc-des-Blanc-8x12.png 8w\" sizes=\"auto, (max-width: 881px) 100vw, 881px\" \/><\/div><\/a><div class=\"gg-product-meta-wrapper\">\r\n\r\n<dl>\r\n        <dt>\r\n        Ano    <\/dt>\r\n    <dd>\r\n        <span class=\"year\">2020<\/span>\r\n    <\/dd>\r\n    \r\n            <dt>\r\n        Price    <\/dt>\r\n    <dd>\r\n        <span class=\"price\"><span class=\"woocommerce-Price-amount amount\"><bdi>36,70&nbsp;<span class=\"woocommerce-Price-currencySymbol\" translate=\"no\">&euro;<\/span><\/bdi><\/span><\/span>\r\n    <\/dd>\r\n        <\/dl>\r\n<a href=\"https:\/\/www.tourinto.pt\/en\/product\/colinas-espumante-blanc-de-blancs\/\" aria-describedby=\"woocommerce_loop_add_to_cart_link_describedby_8571\" data-quantity=\"1\" class=\"button product_type_simple\" data-product_id=\"8571\" data-product_sku=\"67.10.2020\" aria-label=\"Read more about \u201cEspumante Colinas Blanc de Blancs\u201d\" rel=\"nofollow\" data-success_message=\"\" title=\"Minimum qty is 1\">Read more<\/a>\t<span id=\"woocommerce_loop_add_to_cart_link_describedby_8571\" class=\"screen-reader-text\">\n\t\t\t<\/span>\n<\/div>\r\n<\/li>\r\n\r\n<li class=\"col-xs-12 col-sm-6 col-md-4 product type-product post-8582 status-publish instock product_cat-sushi-e-marisco product_cat-espumante product_cat-vinhos-espumantes product_cat-bairrada product_cat-colinas-de-sao-lourenco product_cat-vinhos-portugal product_cat-pequenos-produtores product_cat-tipologia product_cat-regiao product_cat-produtores product_tag-bairrada product_tag-chardonnay product_tag-espumante has-post-thumbnail taxable shipping-taxable purchasable product-type-simple\">\r\n\r\n\t<a href=\"https:\/\/www.tourinto.pt\/en\/product\/espumante-colinas-cuvee-brut\/\" class=\"woocommerce-LoopProduct-link woocommerce-loop-product__link\"><h2 class=\"woocommerce-loop-product__title\">Espumante Colinas Cuv\u00e9e Brut<\/h2><div class=\"gg-product-image-wrapper\"><img loading=\"lazy\" decoding=\"async\" width=\"881\" height=\"1400\" src=\"https:\/\/www.tourinto.pt\/wp-content\/uploads\/2023\/12\/Espumanye-Colinas-Reserva-Cuvee-Brut.webp\" class=\"attachment-woocommerce_thumbnail size-woocommerce_thumbnail\" alt=\"Colinas Espumante Branco, Colinas Espumante Chardonnay, Colinas Espumante Bruto, Colinas Epumante Reserva, Tourinto Premium Wines\" srcset=\"https:\/\/www.tourinto.pt\/wp-content\/uploads\/2023\/12\/Espumanye-Colinas-Reserva-Cuvee-Brut.webp 881w, https:\/\/www.tourinto.pt\/wp-content\/uploads\/2023\/12\/Espumanye-Colinas-Reserva-Cuvee-Brut-189x300.webp 189w, https:\/\/www.tourinto.pt\/wp-content\/uploads\/2023\/12\/Espumanye-Colinas-Reserva-Cuvee-Brut-644x1024.webp 644w, https:\/\/www.tourinto.pt\/wp-content\/uploads\/2023\/12\/Espumanye-Colinas-Reserva-Cuvee-Brut-768x1220.webp 768w, https:\/\/www.tourinto.pt\/wp-content\/uploads\/2023\/12\/Espumanye-Colinas-Reserva-Cuvee-Brut-8x12.webp 8w\" sizes=\"auto, (max-width: 881px) 100vw, 881px\" \/><\/div><\/a><div class=\"gg-product-meta-wrapper\">\r\n\r\n<dl>\r\n        <dt>\r\n        Ano    <\/dt>\r\n    <dd>\r\n        <span class=\"year\">N\/V<\/span>\r\n    <\/dd>\r\n    \r\n            <dt>\r\n        Price    <\/dt>\r\n    <dd>\r\n        <span class=\"price\"><span class=\"woocommerce-Price-amount amount\"><bdi>20,75&nbsp;<span class=\"woocommerce-Price-currencySymbol\" translate=\"no\">&euro;<\/span><\/bdi><\/span><\/span>\r\n    <\/dd>\r\n        <\/dl>\r\n<a href=\"\/en\/wp-json\/wp\/v2\/pages\/11614?add-to-cart=8582\" aria-describedby=\"woocommerce_loop_add_to_cart_link_describedby_8582\" data-quantity=\"1\" class=\"button product_type_simple add_to_cart_button ajax_add_to_cart\" data-product_id=\"8582\" data-product_sku=\"67.04.2023\" aria-label=\"Add to basket: &ldquo;Espumante Colinas Cuv\u00e9e Brut&rdquo;\" rel=\"nofollow\" data-success_message=\"&ldquo;Espumante Colinas Cuv\u00e9e Brut&rdquo; has been added to your basket\" title=\"Minimum qty is 1\" role=\"button\">Add to basket<\/a>\t<span id=\"woocommerce_loop_add_to_cart_link_describedby_8582\" class=\"screen-reader-text\">\n\t\t\t<\/span>\n<\/div>\r\n<\/li>\r\n\r\n<li class=\"col-xs-12 col-sm-6 col-md-4 product type-product post-8574 status-publish last instock product_cat-espumante product_cat-vinhos-espumantes product_cat-bairrada product_cat-colinas-de-sao-lourenco product_cat-vinhos-portugal product_cat-pequenos-produtores product_cat-tipologia product_cat-regiao product_cat-produtores product_tag-bairrada product_tag-pinot-noir product_tag-espumante product_tag-pinot-meunier has-post-thumbnail taxable shipping-taxable purchasable product-type-simple\">\r\n\r\n\t<a href=\"https:\/\/www.tourinto.pt\/en\/product\/espumante-colinas-rose\/\" class=\"woocommerce-LoopProduct-link woocommerce-loop-product__link\"><h2 class=\"woocommerce-loop-product__title\">Espumante Colinas Ros\u00e9 de Pinots<\/h2><div class=\"gg-product-image-wrapper\"><img loading=\"lazy\" decoding=\"async\" width=\"881\" height=\"1400\" src=\"https:\/\/www.tourinto.pt\/wp-content\/uploads\/2023\/12\/Colinas-Brut-Reserve.png\" class=\"attachment-woocommerce_thumbnail size-woocommerce_thumbnail\" alt=\"Colinas Espumante Ros\u00e9, Espumante Colinas Ros\u00e9 de Pinots, Colinas Brut Ros\u00e9\" srcset=\"https:\/\/www.tourinto.pt\/wp-content\/uploads\/2023\/12\/Colinas-Brut-Reserve.png 881w, https:\/\/www.tourinto.pt\/wp-content\/uploads\/2023\/12\/Colinas-Brut-Reserve-189x300.png 189w, https:\/\/www.tourinto.pt\/wp-content\/uploads\/2023\/12\/Colinas-Brut-Reserve-644x1024.png 644w, https:\/\/www.tourinto.pt\/wp-content\/uploads\/2023\/12\/Colinas-Brut-Reserve-768x1220.png 768w, https:\/\/www.tourinto.pt\/wp-content\/uploads\/2023\/12\/Colinas-Brut-Reserve-8x12.png 8w\" sizes=\"auto, (max-width: 881px) 100vw, 881px\" \/><\/div><\/a><div class=\"gg-product-meta-wrapper\">\r\n\r\n<dl>\r\n        <dt>\r\n        Ano    <\/dt>\r\n    <dd>\r\n        <span class=\"year\">2017<\/span>\r\n    <\/dd>\r\n    \r\n            <dt>\r\n        Price    <\/dt>\r\n    <dd>\r\n        <span class=\"price\"><span class=\"woocommerce-Price-amount amount\"><bdi>40,70&nbsp;<span class=\"woocommerce-Price-currencySymbol\" translate=\"no\">&euro;<\/span><\/bdi><\/span><\/span>\r\n    <\/dd>\r\n        <\/dl>\r\n<a href=\"\/en\/wp-json\/wp\/v2\/pages\/11614?add-to-cart=8574\" aria-describedby=\"woocommerce_loop_add_to_cart_link_describedby_8574\" data-quantity=\"1\" class=\"button product_type_simple add_to_cart_button ajax_add_to_cart\" data-product_id=\"8574\" data-product_sku=\"67.11.2017\" aria-label=\"Add to basket: &ldquo;Espumante Colinas Ros\u00e9 de Pinots&rdquo;\" rel=\"nofollow\" data-success_message=\"&ldquo;Espumante Colinas Ros\u00e9 de Pinots&rdquo; has been added to your basket\" title=\"Minimum qty is 1\" role=\"button\">Add to basket<\/a>\t<span id=\"woocommerce_loop_add_to_cart_link_describedby_8574\" class=\"screen-reader-text\">\n\t\t\t<\/span>\n<\/div>\r\n<\/li>\r\n<\/ul>\r\n<\/div><\/div><\/div><\/div><\/div><\/div><div data-vc-full-width=\"true\" data-vc-full-width-init=\"false\" data-vc-stretch-content=\"true\" class=\"vc_row wpb_row vc_row-fluid vc_custom_1719147082298 vc_row-no-padding\"><div class=\"wpb_column vc_column_container vc_col-sm-12\"><div class=\"vc_column-inner\"><div class=\"wpb_wrapper\">\n<div class=\"vc_grid-container-wrapper vc_clearfix vc_grid-animation-fadeIn\">\n\t<div class=\"vc_grid-container vc_clearfix wpb_content_element vc_media_grid\" style=\"--vc-grid-arrows-color:#5472D2;--vc-grid-paging-color:#EBEBEB;\" data-initial-loading-animation=\"fadeIn\" data-vc-grid-settings=\"{&quot;page_id&quot;:11614,&quot;style&quot;:&quot;all&quot;,&quot;action&quot;:&quot;vc_get_vc_grid_data&quot;,&quot;shortcode_id&quot;:&quot;1786267776408-fd297500-a3f7-3&quot;,&quot;tag&quot;:&quot;vc_media_grid&quot;}\" data-vc-request=\"https:\/\/www.tourinto.pt\/wp-admin\/admin-ajax.php\" data-vc-post-id=\"11614\" data-vc-public-nonce=\"c24f8604fc\">\n\t\t\n\t<\/div>\n<\/div><\/div><\/div><\/div><\/div><div class=\"vc_row-full-width vc_clearfix\"><\/div><div data-vc-full-width=\"true\" data-vc-full-width-init=\"false\" class=\"vc_row wpb_row vc_row-fluid vc_custom_1656675189520 vc_row-has-fill\"><div class=\"wpb_column vc_column_container vc_col-sm-12 vc_col-lg-offset-2 vc_col-lg-8 vc_col-md-offset-2 vc_col-md-8\"><div class=\"vc_column-inner\"><div class=\"wpb_wrapper\">\n\t<div class=\"title-subtitle-box  vc_custom_1736103324497 vc_custom_1736103324498 vc_custom_1736103324499\" style=\" margin-bottom:90px; text-align: center;\">\n\t\t<p  style=\"\">Colinas de S\u00e3o Louren\u00e7o<\/p>\n\t\t<h1 style=\" font-style: normal;\">\u201cQualidade, singularidade, visibilidade e notoriedade\u201d.<\/h1>\n\t<\/div> <div class=\"vc_btn3-container vc_btn3-center vc_do_btn\" ><a style=\"background-color:#b0976d; color:#ffffff;\" class=\"vc_general vc_btn3 vc_btn3-size-md vc_btn3-shape-square vc_btn3-style-custom\" href=\"https:\/\/goo.gl\/maps\/htdKB1rh8Tmopxiw9\" title=\"\" target=\"_blank\">Mapa<\/a><\/div><\/div><\/div><\/div><\/div><div class=\"vc_row-full-width vc_clearfix\"><\/div>\n<\/div>","protected":false},"excerpt":{"rendered":"Constru\u00edda de acordo com os melhores exemplos a n\u00edvel mundial. Colinas de S\u00e3o Louren\u00e7o Regi\u00e3o - Bairrada Clima - Mediterr\u00e2nico de Influ\u00eancia Atl\u00e2ntica Solo - Argilo-Calc\u00e1rico Viticultura - Sustent\u00e1vel Vinifica\u00e7\u00e3o - Controlada Enologia - Pascal Chatonnet Principal Colinas de S\u00e3o Louren\u00e7o As nossas Escolhas Principal Grande Reserva Branco 2019SALERev. Vinhos 94SALEGrand. Escolhas 18 Ano 2019<br class=\"read-more-spacer\"> <a class=\"more-link\" href=\"https:\/\/www.tourinto.pt\/en\/produtores-portugal\/vinhos-da-bairrada\/colinas-de-sao-lourenco\/\">Read More<\/a>","protected":false},"author":2,"featured_media":17788,"parent":1905,"menu_order":0,"comment_status":"closed","ping_status":"closed","template":"","meta":{"_acf_changed":false,"_joinchat":[],"footnotes":""},"class_list":["post-11614","page","type-page","status-publish","has-post-thumbnail","hentry"],"acf":[],"yoast_head":"<!-- This site is optimized with the Yoast SEO Premium plugin v28.3 (Yoast SEO v28.4) - https:\/\/yoast.com\/product\/yoast-seo-premium-wordpress\/ -->\n<title>Colinas de S\u00e3o Louren\u00e7o - Tourinto Premium Wines<\/title>\n<meta name=\"description\" content=\"As Colinas de S\u00e3o Louren\u00e7o s\u00e3o uma extensa propriedade implantada em S\u00e3o Louren\u00e7o do Bairro, Anadia, na Regi\u00e3o vitivin\u00edcola da Bairrada.\" \/>\n<meta name=\"robots\" content=\"index, follow, max-snippet:-1, max-image-preview:large, max-video-preview:-1\" \/>\n<link rel=\"canonical\" href=\"https:\/\/www.tourinto.pt\/en\/produtores-portugal\/vinhos-da-bairrada\/colinas-de-sao-lourenco\/\" \/>\n<meta property=\"og:locale\" content=\"en_GB\" \/>\n<meta property=\"og:type\" content=\"article\" \/>\n<meta property=\"og:title\" content=\"Colinas de S\u00e3o Louren\u00e7o\" \/>\n<meta property=\"og:description\" content=\"As Colinas de S\u00e3o Louren\u00e7o s\u00e3o uma extensa propriedade implantada em S\u00e3o Louren\u00e7o do Bairro, Anadia, na Regi\u00e3o vitivin\u00edcola da Bairrada.\" \/>\n<meta property=\"og:url\" content=\"https:\/\/www.tourinto.pt\/en\/produtores-portugal\/vinhos-da-bairrada\/colinas-de-sao-lourenco\/\" \/>\n<meta property=\"og:site_name\" content=\"Tourinto Premium Wines\" \/>\n<meta property=\"article:publisher\" content=\"https:\/\/www.facebook.com\/garrafeiratourinto\" \/>\n<meta property=\"article:modified_time\" content=\"2026-08-09T09:36:12+00:00\" \/>\n<meta property=\"og:image\" content=\"https:\/\/www.tourinto.pt\/wp-content\/uploads\/2026\/08\/Colinas-de-Sao-Lourenco-Adega.webp\" \/>\n\t<meta property=\"og:image:width\" content=\"1280\" \/>\n\t<meta property=\"og:image:height\" content=\"720\" \/>\n\t<meta property=\"og:image:type\" content=\"image\/webp\" \/>\n<meta name=\"twitter:card\" content=\"summary_large_image\" \/>\n<meta name=\"twitter:label1\" content=\"Estimated reading time\" \/>\n\t<meta name=\"twitter:data1\" content=\"1 minute\" \/>\n<script type=\"application\/ld+json\" class=\"yoast-schema-graph\">{\"@context\":\"https:\\\/\\\/schema.org\",\"@graph\":[{\"@type\":\"WebPage\",\"@id\":\"https:\\\/\\\/www.tourinto.pt\\\/produtores-portugal\\\/vinhos-da-bairrada\\\/colinas-de-sao-lourenco\\\/\",\"url\":\"https:\\\/\\\/www.tourinto.pt\\\/produtores-portugal\\\/vinhos-da-bairrada\\\/colinas-de-sao-lourenco\\\/\",\"name\":\"Colinas de S\u00e3o Louren\u00e7o - Tourinto Premium Wines\",\"isPartOf\":{\"@id\":\"https:\\\/\\\/www.tourinto.pt\\\/#website\"},\"primaryImageOfPage\":{\"@id\":\"https:\\\/\\\/www.tourinto.pt\\\/produtores-portugal\\\/vinhos-da-bairrada\\\/colinas-de-sao-lourenco\\\/#primaryimage\"},\"image\":{\"@id\":\"https:\\\/\\\/www.tourinto.pt\\\/produtores-portugal\\\/vinhos-da-bairrada\\\/colinas-de-sao-lourenco\\\/#primaryimage\"},\"thumbnailUrl\":\"https:\\\/\\\/www.tourinto.pt\\\/wp-content\\\/uploads\\\/2026\\\/08\\\/Colinas-de-Sao-Lourenco-Adega.webp\",\"datePublished\":\"2025-01-05T18:35:08+00:00\",\"dateModified\":\"2026-08-09T09:36:12+00:00\",\"description\":\"As Colinas de S\u00e3o Louren\u00e7o s\u00e3o uma extensa propriedade implantada em S\u00e3o Louren\u00e7o do Bairro, Anadia, na Regi\u00e3o vitivin\u00edcola da Bairrada.\",\"breadcrumb\":{\"@id\":\"https:\\\/\\\/www.tourinto.pt\\\/produtores-portugal\\\/vinhos-da-bairrada\\\/colinas-de-sao-lourenco\\\/#breadcrumb\"},\"inLanguage\":\"en-GB\",\"potentialAction\":[{\"@type\":\"ReadAction\",\"target\":[\"https:\\\/\\\/www.tourinto.pt\\\/produtores-portugal\\\/vinhos-da-bairrada\\\/colinas-de-sao-lourenco\\\/\"]}]},{\"@type\":\"ImageObject\",\"inLanguage\":\"en-GB\",\"@id\":\"https:\\\/\\\/www.tourinto.pt\\\/produtores-portugal\\\/vinhos-da-bairrada\\\/colinas-de-sao-lourenco\\\/#primaryimage\",\"url\":\"https:\\\/\\\/www.tourinto.pt\\\/wp-content\\\/uploads\\\/2026\\\/08\\\/Colinas-de-Sao-Lourenco-Adega.webp\",\"contentUrl\":\"https:\\\/\\\/www.tourinto.pt\\\/wp-content\\\/uploads\\\/2026\\\/08\\\/Colinas-de-Sao-Lourenco-Adega.webp\",\"width\":1280,\"height\":720,\"caption\":\"Vinhos Colinas de S\u00e3o Louren\u00e7o, Colinas de S\u00e3o Louren\u00e7o Bairrada, Principal Bairrada\"},{\"@type\":\"BreadcrumbList\",\"@id\":\"https:\\\/\\\/www.tourinto.pt\\\/produtores-portugal\\\/vinhos-da-bairrada\\\/colinas-de-sao-lourenco\\\/#breadcrumb\",\"itemListElement\":[{\"@type\":\"ListItem\",\"position\":1,\"name\":\"In\u00edcio\",\"item\":\"https:\\\/\\\/www.tourinto.pt\\\/\"},{\"@type\":\"ListItem\",\"position\":2,\"name\":\"Portugal\",\"item\":\"https:\\\/\\\/www.tourinto.pt\\\/produtores-portugal\\\/\"},{\"@type\":\"ListItem\",\"position\":3,\"name\":\"Vinhos da Bairrada\",\"item\":\"https:\\\/\\\/www.tourinto.pt\\\/produtores-portugal\\\/vinhos-da-bairrada\\\/\"},{\"@type\":\"ListItem\",\"position\":4,\"name\":\"Colinas de S\u00e3o Louren\u00e7o\"}]},{\"@type\":\"WebSite\",\"@id\":\"https:\\\/\\\/www.tourinto.pt\\\/#website\",\"url\":\"https:\\\/\\\/www.tourinto.pt\\\/\",\"name\":\"Tourinto Premium Wines\",\"description\":\"Garrafeira on-line\",\"publisher\":{\"@id\":\"https:\\\/\\\/www.tourinto.pt\\\/#organization\"},\"alternateName\":\"Garrafeira on-line\",\"potentialAction\":[{\"@type\":\"SearchAction\",\"target\":{\"@type\":\"EntryPoint\",\"urlTemplate\":\"https:\\\/\\\/www.tourinto.pt\\\/?s={search_term_string}\"},\"query-input\":{\"@type\":\"PropertyValueSpecification\",\"valueRequired\":true,\"valueName\":\"search_term_string\"}}],\"inLanguage\":\"en-GB\"},{\"@type\":[\"Organization\",\"Place\"],\"@id\":\"https:\\\/\\\/www.tourinto.pt\\\/#organization\",\"name\":\"Tourinto\",\"alternateName\":\"Garrafeira Tourinto, Lda.\",\"url\":\"https:\\\/\\\/www.tourinto.pt\\\/\",\"logo\":{\"@id\":\"https:\\\/\\\/www.tourinto.pt\\\/produtores-portugal\\\/vinhos-da-bairrada\\\/colinas-de-sao-lourenco\\\/#local-main-organization-logo\"},\"image\":{\"@id\":\"https:\\\/\\\/www.tourinto.pt\\\/produtores-portugal\\\/vinhos-da-bairrada\\\/colinas-de-sao-lourenco\\\/#local-main-organization-logo\"},\"sameAs\":[\"https:\\\/\\\/www.facebook.com\\\/garrafeiratourinto\",\"https:\\\/\\\/www.instagram.com\\\/garrafeiratourinto\\\/\"],\"telephone\":[],\"openingHoursSpecification\":[{\"@type\":\"OpeningHoursSpecification\",\"dayOfWeek\":[\"Monday\",\"Tuesday\",\"Wednesday\",\"Thursday\",\"Friday\",\"Saturday\",\"Sunday\"],\"opens\":\"09:00\",\"closes\":\"17:00\"}]},{\"@type\":\"ImageObject\",\"inLanguage\":\"en-GB\",\"@id\":\"https:\\\/\\\/www.tourinto.pt\\\/produtores-portugal\\\/vinhos-da-bairrada\\\/colinas-de-sao-lourenco\\\/#local-main-organization-logo\",\"url\":\"https:\\\/\\\/www.tourinto.pt\\\/wp-content\\\/uploads\\\/2022\\\/07\\\/tourinto-logo-big.png\",\"contentUrl\":\"https:\\\/\\\/www.tourinto.pt\\\/wp-content\\\/uploads\\\/2022\\\/07\\\/tourinto-logo-big.png\",\"width\":1400,\"height\":505,\"caption\":\"Tourinto\"}]}<\/script>\n<!-- \/ Yoast SEO Premium plugin. -->","yoast_head_json":{"title":"Colinas de S\u00e3o Louren\u00e7o - Tourinto Premium Wines","description":"As Colinas de S\u00e3o Louren\u00e7o s\u00e3o uma extensa propriedade implantada em S\u00e3o Louren\u00e7o do Bairro, Anadia, na Regi\u00e3o vitivin\u00edcola da Bairrada.","robots":{"index":"index","follow":"follow","max-snippet":"max-snippet:-1","max-image-preview":"max-image-preview:large","max-video-preview":"max-video-preview:-1"},"canonical":"https:\/\/www.tourinto.pt\/en\/produtores-portugal\/vinhos-da-bairrada\/colinas-de-sao-lourenco\/","og_locale":"en_GB","og_type":"article","og_title":"Colinas de S\u00e3o Louren\u00e7o","og_description":"As Colinas de S\u00e3o Louren\u00e7o s\u00e3o uma extensa propriedade implantada em S\u00e3o Louren\u00e7o do Bairro, Anadia, na Regi\u00e3o vitivin\u00edcola da Bairrada.","og_url":"https:\/\/www.tourinto.pt\/en\/produtores-portugal\/vinhos-da-bairrada\/colinas-de-sao-lourenco\/","og_site_name":"Tourinto Premium Wines","article_publisher":"https:\/\/www.facebook.com\/garrafeiratourinto","article_modified_time":"2026-08-09T09:36:12+00:00","og_image":[{"width":1280,"height":720,"url":"https:\/\/www.tourinto.pt\/wp-content\/uploads\/2026\/08\/Colinas-de-Sao-Lourenco-Adega.webp","type":"image\/webp"}],"twitter_card":"summary_large_image","twitter_misc":{"Estimated reading time":"1 minute"},"schema":{"@context":"https:\/\/schema.org","@graph":[{"@type":"WebPage","@id":"https:\/\/www.tourinto.pt\/produtores-portugal\/vinhos-da-bairrada\/colinas-de-sao-lourenco\/","url":"https:\/\/www.tourinto.pt\/produtores-portugal\/vinhos-da-bairrada\/colinas-de-sao-lourenco\/","name":"Colinas de S\u00e3o Louren\u00e7o - Tourinto Premium Wines","isPartOf":{"@id":"https:\/\/www.tourinto.pt\/#website"},"primaryImageOfPage":{"@id":"https:\/\/www.tourinto.pt\/produtores-portugal\/vinhos-da-bairrada\/colinas-de-sao-lourenco\/#primaryimage"},"image":{"@id":"https:\/\/www.tourinto.pt\/produtores-portugal\/vinhos-da-bairrada\/colinas-de-sao-lourenco\/#primaryimage"},"thumbnailUrl":"https:\/\/www.tourinto.pt\/wp-content\/uploads\/2026\/08\/Colinas-de-Sao-Lourenco-Adega.webp","datePublished":"2025-01-05T18:35:08+00:00","dateModified":"2026-08-09T09:36:12+00:00","description":"As Colinas de S\u00e3o Louren\u00e7o s\u00e3o uma extensa propriedade implantada em S\u00e3o Louren\u00e7o do Bairro, Anadia, na Regi\u00e3o vitivin\u00edcola da Bairrada.","breadcrumb":{"@id":"https:\/\/www.tourinto.pt\/produtores-portugal\/vinhos-da-bairrada\/colinas-de-sao-lourenco\/#breadcrumb"},"inLanguage":"en-GB","potentialAction":[{"@type":"ReadAction","target":["https:\/\/www.tourinto.pt\/produtores-portugal\/vinhos-da-bairrada\/colinas-de-sao-lourenco\/"]}]},{"@type":"ImageObject","inLanguage":"en-GB","@id":"https:\/\/www.tourinto.pt\/produtores-portugal\/vinhos-da-bairrada\/colinas-de-sao-lourenco\/#primaryimage","url":"https:\/\/www.tourinto.pt\/wp-content\/uploads\/2026\/08\/Colinas-de-Sao-Lourenco-Adega.webp","contentUrl":"https:\/\/www.tourinto.pt\/wp-content\/uploads\/2026\/08\/Colinas-de-Sao-Lourenco-Adega.webp","width":1280,"height":720,"caption":"Vinhos Colinas de S\u00e3o Louren\u00e7o, Colinas de S\u00e3o Louren\u00e7o Bairrada, Principal Bairrada"},{"@type":"BreadcrumbList","@id":"https:\/\/www.tourinto.pt\/produtores-portugal\/vinhos-da-bairrada\/colinas-de-sao-lourenco\/#breadcrumb","itemListElement":[{"@type":"ListItem","position":1,"name":"In\u00edcio","item":"https:\/\/www.tourinto.pt\/"},{"@type":"ListItem","position":2,"name":"Portugal","item":"https:\/\/www.tourinto.pt\/produtores-portugal\/"},{"@type":"ListItem","position":3,"name":"Vinhos da Bairrada","item":"https:\/\/www.tourinto.pt\/produtores-portugal\/vinhos-da-bairrada\/"},{"@type":"ListItem","position":4,"name":"Colinas de S\u00e3o Louren\u00e7o"}]},{"@type":"WebSite","@id":"https:\/\/www.tourinto.pt\/#website","url":"https:\/\/www.tourinto.pt\/","name":"Tourinto Premium Wines","description":"Wine Shop online","publisher":{"@id":"https:\/\/www.tourinto.pt\/#organization"},"alternateName":"Garrafeira on-line","potentialAction":[{"@type":"SearchAction","target":{"@type":"EntryPoint","urlTemplate":"https:\/\/www.tourinto.pt\/?s={search_term_string}"},"query-input":{"@type":"PropertyValueSpecification","valueRequired":true,"valueName":"search_term_string"}}],"inLanguage":"en-GB"},{"@type":["Organization","Place"],"@id":"https:\/\/www.tourinto.pt\/#organization","name":"Tourinto","alternateName":"Garrafeira Tourinto, Lda.","url":"https:\/\/www.tourinto.pt\/","logo":{"@id":"https:\/\/www.tourinto.pt\/produtores-portugal\/vinhos-da-bairrada\/colinas-de-sao-lourenco\/#local-main-organization-logo"},"image":{"@id":"https:\/\/www.tourinto.pt\/produtores-portugal\/vinhos-da-bairrada\/colinas-de-sao-lourenco\/#local-main-organization-logo"},"sameAs":["https:\/\/www.facebook.com\/garrafeiratourinto","https:\/\/www.instagram.com\/garrafeiratourinto\/"],"telephone":[],"openingHoursSpecification":[{"@type":"OpeningHoursSpecification","dayOfWeek":["Monday","Tuesday","Wednesday","Thursday","Friday","Saturday","Sunday"],"opens":"09:00","closes":"17:00"}]},{"@type":"ImageObject","inLanguage":"en-GB","@id":"https:\/\/www.tourinto.pt\/produtores-portugal\/vinhos-da-bairrada\/colinas-de-sao-lourenco\/#local-main-organization-logo","url":"https:\/\/www.tourinto.pt\/wp-content\/uploads\/2022\/07\/tourinto-logo-big.png","contentUrl":"https:\/\/www.tourinto.pt\/wp-content\/uploads\/2022\/07\/tourinto-logo-big.png","width":1400,"height":505,"caption":"Tourinto"}]}},"_links":{"self":[{"href":"https:\/\/www.tourinto.pt\/en\/wp-json\/wp\/v2\/pages\/11614","targetHints":{"allow":["GET"]}}],"collection":[{"href":"https:\/\/www.tourinto.pt\/en\/wp-json\/wp\/v2\/pages"}],"about":[{"href":"https:\/\/www.tourinto.pt\/en\/wp-json\/wp\/v2\/types\/page"}],"author":[{"embeddable":true,"href":"https:\/\/www.tourinto.pt\/en\/wp-json\/wp\/v2\/users\/2"}],"replies":[{"embeddable":true,"href":"https:\/\/www.tourinto.pt\/en\/wp-json\/wp\/v2\/comments?post=11614"}],"version-history":[{"count":5,"href":"https:\/\/www.tourinto.pt\/en\/wp-json\/wp\/v2\/pages\/11614\/revisions"}],"predecessor-version":[{"id":13348,"href":"https:\/\/www.tourinto.pt\/en\/wp-json\/wp\/v2\/pages\/11614\/revisions\/13348"}],"up":[{"embeddable":true,"href":"https:\/\/www.tourinto.pt\/en\/wp-json\/wp\/v2\/pages\/1905"}],"wp:featuredmedia":[{"embeddable":true,"href":"https:\/\/www.tourinto.pt\/en\/wp-json\/wp\/v2\/media\/17788"}],"wp:attachment":[{"href":"https:\/\/www.tourinto.pt\/en\/wp-json\/wp\/v2\/media?parent=11614"}],"curies":[{"name":"wp","href":"https:\/\/api.w.org\/{rel}","templated":true}]}}